{"id":175,"date":"2016-11-24T20:50:12","date_gmt":"2016-11-24T19:50:12","guid":{"rendered":"https:\/\/www.skppsc.ch\/de\/?page_id=175"},"modified":"2026-04-17T12:08:46","modified_gmt":"2026-04-17T10:08:46","slug":"die-skp","status":"publish","type":"page","link":"https:\/\/www.skppsc.ch\/de\/die-skp\/","title":{"rendered":"Die SKP"},"content":{"rendered":"<html><body><h3 class=\"wp-block-heading\">Vernetzung und Austausch mit Kooperationspartnern<\/h3>\n\n\n\n<p>Zu den wichtigsten Aufgaben der Schweizerischen Kriminalpr\u00e4vention geh\u00f6rt die St\u00e4rkung der interkantonalen Polizeizusammenarbeit im Bereich Kriminalpr\u00e4vention. Sie arbeitet im Rahmen verschiedener Projekte, Themen und Kampagnen eng mit den Pr\u00e4ventionsverantwortlichen der kantonalen und st\u00e4dtischen Polizeikorps zusammen und organisiert einmal pro Jahr einen zweit\u00e4gigen <a href=\"https:\/\/www.skppsc.ch\/de\/projekte\/infotagung-fuer-polizeiliche-praevention\/\" rel=\"noopener\">Austausch<\/a>. Die Schweizerische Kriminalpr\u00e4vention pflegt ausserdem enge Kontakte zu verschiedenen Bundesstellen, wie dem <a href=\"http:\/\/www.bsv.admin.ch\" target=\"_blank\" rel=\"noopener\" title=\"\">Bundesamt f\u00fcr Sozialversicherungen<\/a> oder dem <a href=\"https:\/\/www.fedpol.admin.ch\/fedpol\/de\/home.html\" target=\"_blank\" rel=\"noopener noreferrer\">Bundesamt f\u00fcr Polizei fedpol<\/a>. Nebst weiteren staatlichen und kantonalen Akteuren aus allen Regionen der Schweiz, z\u00e4hlen auch verschiedene NGOs zu ihrem Netzwerk.<\/p>\n\n\n\n<h3 class=\"wp-block-heading\">Vermittlung von Pr\u00e4ventionsbotschaften an die Bev\u00f6lkerung<\/h3>\n\n\n\n<p>Eine weitere wichtige Aufgabe der Schweizerischen Kriminalpr\u00e4vention ist die Aufkl\u00e4rung der Bev\u00f6lkerung \u00fcber kriminelle Ph\u00e4nomene, Pr\u00e4ventionsm\u00f6glichkeiten und Hilfsangebote. Dazu geh\u00f6rt das Erstellen von <a href=\"https:\/\/www.skppsc.ch\/de\/downloads\/\" target=\"_blank\" rel=\"noopener\" title=\"\">Brosch\u00fcren, Faltbl\u00e4ttern und \u00c4hnlichem<\/a> zu bestimmten Themen der Kriminalpr\u00e4vention (z.B. Einbruch, Stalking, Zivilcourage) und f\u00fcr spezifische Zielgruppen, wie z.B. Jugendliche oder Seniorinnen und Senioren. In ihrem <a href=\"https:\/\/www.skppsc.ch\/de\/blog\/\" target=\"_blank\" rel=\"noopener\" title=\"\">Blog<\/a> schreiben die Mitarbeitenden der Schweizerischen Kriminalpr\u00e4vention Beitr\u00e4ge zu unterschiedlichen Aspekten der Kriminalpr\u00e4vention, erkl\u00e4ren Hintergr\u00fcnde und Zusammenh\u00e4nge und gehen auf neuartige Ph\u00e4nomene ein. Die Schweizerische Kriminalpr\u00e4vention ist auch auf <a href=\"https:\/\/www.facebook.com\/SchweizerischeKriminalpraevention\/\" target=\"_blank\" rel=\"noopener noreferrer\">Facebook<\/a>, <a data-type=\"link\" data-id=\"https:\/\/www.instagram.com\/skppsc_schweiz\/\" href=\"https:\/\/www.instagram.com\/skppsc_schweiz\/\" target=\"_blank\" rel=\"noreferrer noopener\">Instagram<\/a> und <a href=\"https:\/\/ch.linkedin.com\/company\/skppsc\" target=\"_blank\" rel=\"noreferrer noopener\">LinkedIn<\/a> aktiv.<\/p>\n\n\n\n<h3 class=\"wp-block-heading\">Aus- und Weiterbildung<\/h3>\n\n\n\n<p>Die Schweizerische Kriminalpr\u00e4vention engagiert sich in der Aus- und Weiterbildung von Polizeiangeh\u00f6rigen im Bereich Kriminalpr\u00e4vention und arbeitet hierzu mit dem <a href=\"http:\/\/www.institut-police.ch\/de\/\" target=\"_blank\" rel=\"noopener noreferrer\">Schweizerischen Polizeiinstitut SPI<\/a> zusammen. An Tagungen und Konferenzen informiert sie in Referaten oder Workshops \u00fcber bestimmten Themen der Kriminalpr\u00e4vention und vermittelt aktuelle wissenschaftliche Erkenntnisse.<\/p>\n\n\n\n<h3 class=\"wp-block-heading\">Dokumentation<\/h3>\n\n\n\n<p>Die Schweizerische Kriminalpr\u00e4vention f\u00fchrt eine Datenbank mit den aktuellen Pr\u00e4ventionsmaterialien der kantonalen und st\u00e4dtischen Polizeikorps in ihrem <a href=\"https:\/\/www.skppsc.ch\/de\/intranet\/\" target=\"_blank\" rel=\"noreferrer noopener\">Intranet<\/a> und ver\u00f6ffentlicht j\u00e4hrlich einen <a href=\"https:\/\/www.skppsc.ch\/de\/wp-content\/uploads\/sites\/2\/2026\/04\/jahresbericht_de_2025.pdf\" target=\"_blank\" rel=\"noopener\" title=\"\">Jahresbericht<\/a>.<\/p>\n\n\n\n<p>Das Intranet steht allen Angeh\u00f6rigen der kantonalen und st\u00e4dtischen Polizeikorps offen. Bei Interesse k\u00f6nnen Sie uns f\u00fcr einen Zugang \u00fcber <a href=\"&#109;&#x61;&#105;&#x6c;t&#x6f;:&#105;&#x6e;&#102;&#x6f;&#64;&#x73;k&#112;&#x70;&#115;&#x63;&#46;&#x63;h\">&#x69;&#110;&#x66;&#x6f;&#64;&#x73;&#107;p&#x70;&#115;c&#x2e;&#99;h<\/a> anfragen.<\/p>\n\n\n\n<h3 class=\"wp-block-heading\">Beratung<\/h3>\n\n\n\n<p>Die Schweizerische Kriminalpr\u00e4vention steht der Bev\u00f6lkerung in allen Belangen der Kriminalpr\u00e4vention zur Verf\u00fcgung.<\/p>\n\n\n\n<div class=\"black-on-white-content replaced-hr\">\n\n\n\n<h2 class=\"wp-block-heading foreground-primary\">Gesch\u00e4ftsstelle<\/h2>\n\n\n\n<figure class=\"wp-block-gallery has-nested-images columns-3 is-cropped wp-block-gallery-1\">\n<figure class=\"wp-block-image size-large\"><img loading=\"lazy\" decoding=\"async\" width=\"1024\" height=\"732\" data-id=\"4192\" src=\"https:\/\/www.skppsc.ch\/de\/wp-content\/uploads\/sites\/2\/2025\/03\/ilg_fabiancremoeisner.5910-1024x732.jpg\" alt=\"\" class=\"wp-image-4192\" srcset=\"https:\/\/www.skppsc.ch\/de\/wp-content\/uploads\/sites\/2\/2025\/03\/ilg_fabiancremoeisner.5910-1024x732.jpg 1024w, https:\/\/www.skppsc.ch\/de\/wp-content\/uploads\/sites\/2\/2025\/03\/ilg_fabiancremoeisner.5910-300x214.jpg 300w, https:\/\/www.skppsc.ch\/de\/wp-content\/uploads\/sites\/2\/2025\/03\/ilg_fabiancremoeisner.5910-768x549.jpg 768w, https:\/\/www.skppsc.ch\/de\/wp-content\/uploads\/sites\/2\/2025\/03\/ilg_fabiancremoeisner.5910-1536x1097.jpg 1536w, https:\/\/www.skppsc.ch\/de\/wp-content\/uploads\/sites\/2\/2025\/03\/ilg_fabiancremoeisner.5910-2048x1463.jpg 2048w, https:\/\/www.skppsc.ch\/de\/wp-content\/uploads\/sites\/2\/2025\/03\/ilg_fabiancremoeisner.5910-640x457.jpg 640w, https:\/\/www.skppsc.ch\/de\/wp-content\/uploads\/sites\/2\/2025\/03\/ilg_fabiancremoeisner.5910-1280x914.jpg 1280w\" sizes=\"auto, (max-width: 1024px) 100vw, 1024px\"><figcaption class=\"wp-element-caption\"><strong>Fabian Ilg<\/strong><br> Gesch\u00e4ftsleiter<\/figcaption><\/figure>\n\n\n\n<figure class=\"wp-block-image size-large\"><img loading=\"lazy\" decoding=\"async\" width=\"1024\" height=\"732\" data-id=\"4196\" src=\"https:\/\/www.skppsc.ch\/de\/wp-content\/uploads\/sites\/2\/2025\/03\/aegerter_olivercremoeisner.5942-1024x732.jpg\" alt=\"\" class=\"wp-image-4196\" srcset=\"https:\/\/www.skppsc.ch\/de\/wp-content\/uploads\/sites\/2\/2025\/03\/aegerter_olivercremoeisner.5942-1024x732.jpg 1024w, https:\/\/www.skppsc.ch\/de\/wp-content\/uploads\/sites\/2\/2025\/03\/aegerter_olivercremoeisner.5942-300x214.jpg 300w, https:\/\/www.skppsc.ch\/de\/wp-content\/uploads\/sites\/2\/2025\/03\/aegerter_olivercremoeisner.5942-768x549.jpg 768w, https:\/\/www.skppsc.ch\/de\/wp-content\/uploads\/sites\/2\/2025\/03\/aegerter_olivercremoeisner.5942-1536x1097.jpg 1536w, https:\/\/www.skppsc.ch\/de\/wp-content\/uploads\/sites\/2\/2025\/03\/aegerter_olivercremoeisner.5942-2048x1463.jpg 2048w, https:\/\/www.skppsc.ch\/de\/wp-content\/uploads\/sites\/2\/2025\/03\/aegerter_olivercremoeisner.5942-640x457.jpg 640w, https:\/\/www.skppsc.ch\/de\/wp-content\/uploads\/sites\/2\/2025\/03\/aegerter_olivercremoeisner.5942-1280x914.jpg 1280w\" sizes=\"auto, (max-width: 1024px) 100vw, 1024px\"><figcaption class=\"wp-element-caption\"><strong>Oliver Aegerter<\/strong><br>Projektleiter<\/figcaption><\/figure>\n\n\n\n<figure class=\"wp-block-image size-large\"><img loading=\"lazy\" decoding=\"async\" width=\"1024\" height=\"731\" data-id=\"4194\" src=\"https:\/\/www.skppsc.ch\/de\/wp-content\/uploads\/sites\/2\/2025\/03\/kuebli_beatricecremoeisner.6180-1024x731.jpg\" alt=\"\" class=\"wp-image-4194\" srcset=\"https:\/\/www.skppsc.ch\/de\/wp-content\/uploads\/sites\/2\/2025\/03\/kuebli_beatricecremoeisner.6180-1024x731.jpg 1024w, https:\/\/www.skppsc.ch\/de\/wp-content\/uploads\/sites\/2\/2025\/03\/kuebli_beatricecremoeisner.6180-300x214.jpg 300w, https:\/\/www.skppsc.ch\/de\/wp-content\/uploads\/sites\/2\/2025\/03\/kuebli_beatricecremoeisner.6180-768x549.jpg 768w, https:\/\/www.skppsc.ch\/de\/wp-content\/uploads\/sites\/2\/2025\/03\/kuebli_beatricecremoeisner.6180-1536x1097.jpg 1536w, https:\/\/www.skppsc.ch\/de\/wp-content\/uploads\/sites\/2\/2025\/03\/kuebli_beatricecremoeisner.6180-2048x1463.jpg 2048w, https:\/\/www.skppsc.ch\/de\/wp-content\/uploads\/sites\/2\/2025\/03\/kuebli_beatricecremoeisner.6180-640x457.jpg 640w, https:\/\/www.skppsc.ch\/de\/wp-content\/uploads\/sites\/2\/2025\/03\/kuebli_beatricecremoeisner.6180-1280x914.jpg 1280w\" sizes=\"auto, (max-width: 1024px) 100vw, 1024px\"><figcaption class=\"wp-element-caption\"><strong>Beatrice K\u00fcbli<\/strong><br>Projektleiterin<\/figcaption><\/figure>\n\n\n\n<figure class=\"wp-block-image size-large\"><img loading=\"lazy\" decoding=\"async\" width=\"1024\" height=\"732\" data-id=\"4195\" src=\"https:\/\/www.skppsc.ch\/de\/wp-content\/uploads\/sites\/2\/2025\/03\/rouiller_vincianecremoeisner.6214-1024x732.jpg\" alt=\"\" class=\"wp-image-4195\" srcset=\"https:\/\/www.skppsc.ch\/de\/wp-content\/uploads\/sites\/2\/2025\/03\/rouiller_vincianecremoeisner.6214-1024x732.jpg 1024w, https:\/\/www.skppsc.ch\/de\/wp-content\/uploads\/sites\/2\/2025\/03\/rouiller_vincianecremoeisner.6214-300x214.jpg 300w, https:\/\/www.skppsc.ch\/de\/wp-content\/uploads\/sites\/2\/2025\/03\/rouiller_vincianecremoeisner.6214-768x549.jpg 768w, https:\/\/www.skppsc.ch\/de\/wp-content\/uploads\/sites\/2\/2025\/03\/rouiller_vincianecremoeisner.6214-1536x1097.jpg 1536w, https:\/\/www.skppsc.ch\/de\/wp-content\/uploads\/sites\/2\/2025\/03\/rouiller_vincianecremoeisner.6214-2048x1463.jpg 2048w, https:\/\/www.skppsc.ch\/de\/wp-content\/uploads\/sites\/2\/2025\/03\/rouiller_vincianecremoeisner.6214-640x457.jpg 640w, https:\/\/www.skppsc.ch\/de\/wp-content\/uploads\/sites\/2\/2025\/03\/rouiller_vincianecremoeisner.6214-1280x914.jpg 1280w\" sizes=\"auto, (max-width: 1024px) 100vw, 1024px\"><figcaption class=\"wp-element-caption\"><strong>Vinciane Rouiller<\/strong><br>Projektleiterin<\/figcaption><\/figure>\n\n\n\n<figure class=\"wp-block-image size-large\"><img loading=\"lazy\" decoding=\"async\" width=\"1024\" height=\"732\" data-id=\"4193\" src=\"https:\/\/www.skppsc.ch\/de\/wp-content\/uploads\/sites\/2\/2025\/03\/billaud_chantalcremoeisner.6081-1024x732.jpg\" alt=\"\" class=\"wp-image-4193\" srcset=\"https:\/\/www.skppsc.ch\/de\/wp-content\/uploads\/sites\/2\/2025\/03\/billaud_chantalcremoeisner.6081-1024x732.jpg 1024w, https:\/\/www.skppsc.ch\/de\/wp-content\/uploads\/sites\/2\/2025\/03\/billaud_chantalcremoeisner.6081-300x214.jpg 300w, https:\/\/www.skppsc.ch\/de\/wp-content\/uploads\/sites\/2\/2025\/03\/billaud_chantalcremoeisner.6081-768x549.jpg 768w, https:\/\/www.skppsc.ch\/de\/wp-content\/uploads\/sites\/2\/2025\/03\/billaud_chantalcremoeisner.6081-1536x1097.jpg 1536w, https:\/\/www.skppsc.ch\/de\/wp-content\/uploads\/sites\/2\/2025\/03\/billaud_chantalcremoeisner.6081-2048x1463.jpg 2048w, https:\/\/www.skppsc.ch\/de\/wp-content\/uploads\/sites\/2\/2025\/03\/billaud_chantalcremoeisner.6081-640x457.jpg 640w, https:\/\/www.skppsc.ch\/de\/wp-content\/uploads\/sites\/2\/2025\/03\/billaud_chantalcremoeisner.6081-1280x914.jpg 1280w\" sizes=\"auto, (max-width: 1024px) 100vw, 1024px\"><figcaption class=\"wp-element-caption\"><strong>Chantal Billaud<\/strong><br>Leiterin Publikationen und Beratung<\/figcaption><\/figure>\n\n\n\n<figure class=\"wp-block-image size-large\"><img loading=\"lazy\" decoding=\"async\" width=\"1024\" height=\"732\" data-id=\"4204\" src=\"https:\/\/www.skppsc.ch\/de\/wp-content\/uploads\/sites\/2\/2025\/03\/carminati_sharoncremoeisner.5984-1024x732.jpg\" alt=\"\" class=\"wp-image-4204\" srcset=\"https:\/\/www.skppsc.ch\/de\/wp-content\/uploads\/sites\/2\/2025\/03\/carminati_sharoncremoeisner.5984-1024x732.jpg 1024w, https:\/\/www.skppsc.ch\/de\/wp-content\/uploads\/sites\/2\/2025\/03\/carminati_sharoncremoeisner.5984-300x214.jpg 300w, https:\/\/www.skppsc.ch\/de\/wp-content\/uploads\/sites\/2\/2025\/03\/carminati_sharoncremoeisner.5984-768x549.jpg 768w, https:\/\/www.skppsc.ch\/de\/wp-content\/uploads\/sites\/2\/2025\/03\/carminati_sharoncremoeisner.5984-1536x1097.jpg 1536w, https:\/\/www.skppsc.ch\/de\/wp-content\/uploads\/sites\/2\/2025\/03\/carminati_sharoncremoeisner.5984-2048x1463.jpg 2048w, https:\/\/www.skppsc.ch\/de\/wp-content\/uploads\/sites\/2\/2025\/03\/carminati_sharoncremoeisner.5984-640x457.jpg 640w, https:\/\/www.skppsc.ch\/de\/wp-content\/uploads\/sites\/2\/2025\/03\/carminati_sharoncremoeisner.5984-1280x914.jpg 1280w\" sizes=\"auto, (max-width: 1024px) 100vw, 1024px\"><figcaption class=\"wp-element-caption\"><strong>Sharon Carminati<\/strong><br>Leiterin Social Media<\/figcaption><\/figure>\n\n\n\n<figure class=\"wp-block-image size-large\"><img loading=\"lazy\" decoding=\"async\" width=\"1024\" height=\"732\" data-id=\"4197\" src=\"https:\/\/www.skppsc.ch\/de\/wp-content\/uploads\/sites\/2\/2025\/03\/ryter-kumli_nicolecremoeisner.6031-1024x732.jpg\" alt=\"\" class=\"wp-image-4197\" srcset=\"https:\/\/www.skppsc.ch\/de\/wp-content\/uploads\/sites\/2\/2025\/03\/ryter-kumli_nicolecremoeisner.6031-1024x732.jpg 1024w, https:\/\/www.skppsc.ch\/de\/wp-content\/uploads\/sites\/2\/2025\/03\/ryter-kumli_nicolecremoeisner.6031-300x214.jpg 300w, https:\/\/www.skppsc.ch\/de\/wp-content\/uploads\/sites\/2\/2025\/03\/ryter-kumli_nicolecremoeisner.6031-768x549.jpg 768w, https:\/\/www.skppsc.ch\/de\/wp-content\/uploads\/sites\/2\/2025\/03\/ryter-kumli_nicolecremoeisner.6031-1536x1097.jpg 1536w, https:\/\/www.skppsc.ch\/de\/wp-content\/uploads\/sites\/2\/2025\/03\/ryter-kumli_nicolecremoeisner.6031-2048x1463.jpg 2048w, https:\/\/www.skppsc.ch\/de\/wp-content\/uploads\/sites\/2\/2025\/03\/ryter-kumli_nicolecremoeisner.6031-640x457.jpg 640w, https:\/\/www.skppsc.ch\/de\/wp-content\/uploads\/sites\/2\/2025\/03\/ryter-kumli_nicolecremoeisner.6031-1280x914.jpg 1280w\" sizes=\"auto, (max-width: 1024px) 100vw, 1024px\"><figcaption class=\"wp-element-caption\"><strong>Nicole Kumli Ryter<\/strong><br>Leiterin Finanzen und Administration &amp; HR Verantwortliche<\/figcaption><\/figure>\n<\/figure>\n\n\n\n<\/div><div class=\"black-on-white-content replaced-hr\">\n\n\n\n<h2 class=\"wp-block-heading foreground-primary\">Kommissionen<\/h2>\n\n\n\n<h3 class=\"wp-block-heading\">Leitungskommission<\/h3>\n\n\n\n<p>Die Schweizerische Kriminalpr\u00e4vention wird von der Leitungskommission gef\u00fchrt. Sie besteht aus Mitgliedern der Konferenz der Kantonalen Justiz- und Polizeidirektorinnen und -direktoren, dem stellvertretenden Direktor des Bundesamts f\u00fcr Polizei fedpol, einer Vertretung aus der Vereinigung der Schweizerischen Kriminalpolizeichefs (VSKC), zwei Vertretern der Konferenz der kantonalen Polizeikommandantinnen und -kommandanten (KKPKS), einer Vertreterin der Schweizerischen Vereinigung St\u00e4dtischer Polizeichefs und -chefinnen (SVSP) sowie dem Gesch\u00e4ftsleiter der Schweizerischen Kriminalpr\u00e4vention.<\/p>\n\n\n\n<figure class=\"wp-block-gallery has-nested-images columns-default is-cropped wp-block-gallery-2\">\n<figure class=\"wp-block-image size-large\"><img loading=\"lazy\" decoding=\"async\" width=\"400\" height=\"400\" data-id=\"513\" src=\"https:\/\/www.skppsc.ch\/de\/wp-content\/uploads\/sites\/2\/2016\/12\/christophamstad.jpg\" alt=\"\" class=\"wp-image-513\" srcset=\"https:\/\/www.skppsc.ch\/de\/wp-content\/uploads\/sites\/2\/2016\/12\/christophamstad.jpg 400w, https:\/\/www.skppsc.ch\/de\/wp-content\/uploads\/sites\/2\/2016\/12\/christophamstad-300x300.jpg 300w\" sizes=\"auto, (max-width: 400px) 100vw, 400px\"><figcaption class=\"wp-element-caption\"><strong>Regierungsrat Christoph Amstad<\/strong><br> Vorsteher Sicherheits- und Sozialdepartement Kanton Obwalden, Pr\u00e4sident<\/figcaption><\/figure>\n\n\n\n<figure class=\"wp-block-image size-large\"><img loading=\"lazy\" decoding=\"async\" width=\"400\" height=\"402\" data-id=\"2114\" src=\"https:\/\/www.skppsc.ch\/de\/wp-content\/uploads\/sites\/2\/2020\/02\/allain_philippe.jpg\" alt=\"\" class=\"wp-image-2114\"><figcaption class=\"wp-element-caption\"><strong>Polizeikommandant Philippe Allain<\/strong><br> Kantonspolizei Freiburg<br>(Vertreter Projektkommission<\/figcaption><\/figure>\n\n\n\n<figure class=\"wp-block-image size-full\"><img loading=\"lazy\" decoding=\"async\" width=\"400\" height=\"400\" data-id=\"4447\" src=\"https:\/\/www.skppsc.ch\/de\/wp-content\/uploads\/sites\/2\/2025\/10\/stefan_kuechler.jpg\" alt=\"\" class=\"wp-image-4447\" srcset=\"https:\/\/www.skppsc.ch\/de\/wp-content\/uploads\/sites\/2\/2025\/10\/stefan_kuechler.jpg 400w, https:\/\/www.skppsc.ch\/de\/wp-content\/uploads\/sites\/2\/2025\/10\/stefan_kuechler-300x300.jpg 300w, https:\/\/www.skppsc.ch\/de\/wp-content\/uploads\/sites\/2\/2025\/10\/stefan_kuechler-150x150.jpg 150w\" sizes=\"auto, (max-width: 400px) 100vw, 400px\"><figcaption class=\"wp-element-caption\"><strong>Polizeikommandant Stefan K\u00fcchler<\/strong><br>Kantonspolizei Obwalden<\/figcaption><\/figure>\n\n\n\n<figure class=\"wp-block-image size-full\"><img loading=\"lazy\" decoding=\"async\" width=\"400\" height=\"400\" data-id=\"3537\" src=\"https:\/\/www.skppsc.ch\/de\/wp-content\/uploads\/sites\/2\/2024\/07\/martin_foehse.jpg\" alt=\"\" class=\"wp-image-3537\" srcset=\"https:\/\/www.skppsc.ch\/de\/wp-content\/uploads\/sites\/2\/2024\/07\/martin_foehse.jpg 400w, https:\/\/www.skppsc.ch\/de\/wp-content\/uploads\/sites\/2\/2024\/07\/martin_foehse-300x300.jpg 300w, https:\/\/www.skppsc.ch\/de\/wp-content\/uploads\/sites\/2\/2024\/07\/martin_foehse-150x150.jpg 150w\" sizes=\"auto, (max-width: 400px) 100vw, 400px\"><figcaption class=\"wp-element-caption\"><strong><strong>Martin F\u00f6hse<\/strong><\/strong><br> Vizedirektor Bundesamt f\u00fcr Polizei fedpol und Leiter Direktionsbereich Kriminalpr\u00e4vention und Recht<\/figcaption><\/figure>\n\n\n\n<figure class=\"wp-block-image size-full\"><img loading=\"lazy\" decoding=\"async\" width=\"400\" height=\"400\" data-id=\"4446\" src=\"https:\/\/www.skppsc.ch\/de\/wp-content\/uploads\/sites\/2\/2025\/10\/anjan_sartory.jpg\" alt=\"\" class=\"wp-image-4446\" srcset=\"https:\/\/www.skppsc.ch\/de\/wp-content\/uploads\/sites\/2\/2025\/10\/anjan_sartory.jpg 400w, https:\/\/www.skppsc.ch\/de\/wp-content\/uploads\/sites\/2\/2025\/10\/anjan_sartory-300x300.jpg 300w, https:\/\/www.skppsc.ch\/de\/wp-content\/uploads\/sites\/2\/2025\/10\/anjan_sartory-150x150.jpg 150w\" sizes=\"auto, (max-width: 400px) 100vw, 400px\"><figcaption class=\"wp-element-caption\"><strong>Kommandant Anjan Sartory<\/strong><br>Stadtpolizei Winterthur<\/figcaption><\/figure>\n\n\n\n<figure class=\"wp-block-image size-full\"><img loading=\"lazy\" decoding=\"async\" width=\"1080\" height=\"1080\" data-id=\"4680\" src=\"https:\/\/www.skppsc.ch\/de\/wp-content\/uploads\/sites\/2\/2026\/03\/schindler-martin-edited.png\" alt=\"\" class=\"wp-image-4680\" srcset=\"https:\/\/www.skppsc.ch\/de\/wp-content\/uploads\/sites\/2\/2026\/03\/schindler-martin-edited.png 1080w, https:\/\/www.skppsc.ch\/de\/wp-content\/uploads\/sites\/2\/2026\/03\/schindler-martin-edited-300x300.png 300w, https:\/\/www.skppsc.ch\/de\/wp-content\/uploads\/sites\/2\/2026\/03\/schindler-martin-edited-1024x1024.png 1024w, https:\/\/www.skppsc.ch\/de\/wp-content\/uploads\/sites\/2\/2026\/03\/schindler-martin-edited-150x150.png 150w, https:\/\/www.skppsc.ch\/de\/wp-content\/uploads\/sites\/2\/2026\/03\/schindler-martin-edited-768x768.png 768w, https:\/\/www.skppsc.ch\/de\/wp-content\/uploads\/sites\/2\/2026\/03\/schindler-martin-edited-640x640.png 640w, https:\/\/www.skppsc.ch\/de\/wp-content\/uploads\/sites\/2\/2026\/03\/schindler-martin-edited-400x400.png 400w\" sizes=\"auto, (max-width: 1080px) 100vw, 1080px\"><figcaption class=\"wp-element-caption\"><strong>Martin Schindler <\/strong><br>Chef der Kriminalabteilung, Kantonspolizei Bern<\/figcaption><\/figure>\n\n\n\n<figure class=\"wp-block-image size-full\"><img loading=\"lazy\" decoding=\"async\" width=\"400\" height=\"400\" data-id=\"4450\" src=\"https:\/\/www.skppsc.ch\/de\/wp-content\/uploads\/sites\/2\/2025\/10\/platzhalter_w.jpg\" alt=\"\" class=\"wp-image-4450\" srcset=\"https:\/\/www.skppsc.ch\/de\/wp-content\/uploads\/sites\/2\/2025\/10\/platzhalter_w.jpg 400w, https:\/\/www.skppsc.ch\/de\/wp-content\/uploads\/sites\/2\/2025\/10\/platzhalter_w-300x300.jpg 300w, https:\/\/www.skppsc.ch\/de\/wp-content\/uploads\/sites\/2\/2025\/10\/platzhalter_w-150x150.jpg 150w\" sizes=\"auto, (max-width: 400px) 100vw, 400px\"><figcaption class=\"wp-element-caption\">Vakant<\/figcaption><\/figure>\n\n\n\n<figure class=\"wp-block-image size-full\"><img loading=\"lazy\" decoding=\"async\" width=\"800\" height=\"800\" data-id=\"3230\" src=\"https:\/\/www.skppsc.ch\/de\/wp-content\/uploads\/sites\/2\/2023\/07\/fabian_ilg.jpg\" alt=\"\" class=\"wp-image-3230\" srcset=\"https:\/\/www.skppsc.ch\/de\/wp-content\/uploads\/sites\/2\/2023\/07\/fabian_ilg.jpg 800w, https:\/\/www.skppsc.ch\/de\/wp-content\/uploads\/sites\/2\/2023\/07\/fabian_ilg-300x300.jpg 300w, https:\/\/www.skppsc.ch\/de\/wp-content\/uploads\/sites\/2\/2023\/07\/fabian_ilg-150x150.jpg 150w, https:\/\/www.skppsc.ch\/de\/wp-content\/uploads\/sites\/2\/2023\/07\/fabian_ilg-768x768.jpg 768w, https:\/\/www.skppsc.ch\/de\/wp-content\/uploads\/sites\/2\/2023\/07\/fabian_ilg-640x640.jpg 640w, https:\/\/www.skppsc.ch\/de\/wp-content\/uploads\/sites\/2\/2023\/07\/fabian_ilg-400x400.jpg 400w\" sizes=\"auto, (max-width: 800px) 100vw, 800px\"><figcaption class=\"wp-element-caption\"><strong>Fabian Ilg<\/strong><br>Gesch\u00e4ftsleiter SKP<\/figcaption><\/figure>\n<\/figure>\n\n\n\n<\/div><div class=\"black-on-white-content replaced-hr\">\n\n\n\n<\/div><div class=\"black-on-white-content replaced-hr\">\n\n\n\n<h3 class=\"wp-block-heading\">Technische Kommission<\/h3>\n\n\n\n<p>Die technische Kommission der Schweizerischen Kriminalpr\u00e4vention unterst\u00fctzt und begleitet mit ihrem breiten, fundierten Expertenwissen die Erarbeitung von Informationsmaterialien und die Umsetzung von Pr\u00e4ventionsprojekten. In der technischen Kommission sind Pr\u00e4ventions- und Medienverantwortliche der Polizeikorps aus allen Konkordaten der Schweiz und aus Lichtenstein sowie fedpol vertreten. Zudem vertreten ist ein Chef der Kriminalabteilung. <\/p>\n\n\n\n<p><strong>Fabian Ilg<\/strong><br>Gesch\u00e4ftsleiter Schweizerische Kriminalpr\u00e4vention (Vorsitz)<\/p>\n\n\n\n<p><strong>Aline Dard<\/strong><br>Pr\u00e4vention, Kantonspolizei Genf<\/p>\n\n\n\n<p><strong>Markus Friedli<\/strong><br>Pr\u00e4vention Kantonspolizei Bern<\/p>\n\n\n\n<p><strong>Roland Jost<\/strong><br>Sicherheitsberatung, Luzerner Polizei<\/p>\n\n\n\n<p><strong>Marco Liechti<\/strong><br>Ressortchef Kriminalpr\u00e4vention, Kantonspolizei Basel-Stadt<\/p>\n\n\n\n<p><strong>Roger M\u00e4rkli<\/strong><br>Kommunikation und Pr\u00e4vention, Kantonspolizei Thurgau<\/p>\n\n\n\n<p><strong>J\u00f6rg M\u00fcller<\/strong><br>Pr\u00e4ventionsabteilung, Kantonspolizei Z\u00fcrich<\/p>\n\n\n\n<p><strong>Philippe Piatti<\/strong><br>Bundesamt f\u00fcr Polizei fedpol<\/p>\n\n\n\n<p><strong>Renato Pizolli<\/strong><br>Kommunikation und Pr\u00e4vention, Kantonspolizei Tessin \/ SKMP<\/p>\n\n\n\n<p><strong>Martin Schindler<\/strong><br>Chef der Kriminalabteilung, Kantonspolizei Bern<\/p>\n\n\n\n<p><strong>Pascal Simmen<\/strong><br>Kommunikation und Pr\u00e4vention, Kantonspolizei Schwyz<\/p>\n\n\n\n<p><strong>Patrizia Suplie <\/strong><br>Kriminalpr\u00e4vention Stadtpolizei Z\u00fcrich<\/p>\n\n\n\n<p><strong>Marcel Trinkler<\/strong><br>Chef Pr\u00e4vention, Kantonspolizei Graub\u00fcnden<\/p>\n\n\n\n<p><strong>Bernard Vonlanthen<\/strong><br>Kommunikation und Pr\u00e4vention, Kantonspolizei Freiburg<\/p>\n\n\n\n<p><\/p>\n<\/div><\/body><\/html>","protected":false},"excerpt":{"rendered":"<p>Die Schweizerische Kriminalpr\u00e4vention (SKP) ist eine interkantonale Fachstelle im Bereich Pr\u00e4vention von Kriminalit\u00e4t und Kriminalit\u00e4tsfurcht. Sie wird von der Konferenz der kantonalen Justiz- und Polizeidirektorinnen und -direktoren (KKJPD) getragen und von einer st\u00e4ndigen Kommission der KKJPD, der sogenannten Leitungskommission der Schweizerischen Kriminalpr\u00e4vention, betrieben. Die Schweizerische Kriminalpr\u00e4vention befindet sich im Haus der Kantone in Bern.<\/p>\n","protected":false},"author":1,"featured_media":0,"parent":0,"menu_order":90,"comment_status":"closed","ping_status":"closed","template":"meta-page.php","meta":{"showSharingButtons":false,"skp-theme-color":"default","_subtitle":null,"alternative_title":null,"seoDescription":"","seoKeywords":"","seoTitle":"","featuredVideoEmbedCode":"","featuredYoutubeVideoId":"","notes":"","redirectToPostId":0,"skp-further-information":"","hideTile":false,"pageType":"","editor_notices":[],"footnotes":""},"topic":[],"class_list":["post-175","page","type-page","status-publish","hentry"],"aioseo_notices":[],"_links":{"self":[{"href":"https:\/\/www.skppsc.ch\/de\/wp-json\/wp\/v2\/pages\/175","targetHints":{"allow":["GET"]}}],"collection":[{"href":"https:\/\/www.skppsc.ch\/de\/wp-json\/wp\/v2\/pages"}],"about":[{"href":"https:\/\/www.skppsc.ch\/de\/wp-json\/wp\/v2\/types\/page"}],"author":[{"embeddable":true,"href":"https:\/\/www.skppsc.ch\/de\/wp-json\/wp\/v2\/users\/1"}],"replies":[{"embeddable":true,"href":"https:\/\/www.skppsc.ch\/de\/wp-json\/wp\/v2\/comments?post=175"}],"version-history":[{"count":0,"href":"https:\/\/www.skppsc.ch\/de\/wp-json\/wp\/v2\/pages\/175\/revisions"}],"wp:attachment":[{"href":"https:\/\/www.skppsc.ch\/de\/wp-json\/wp\/v2\/media?parent=175"}],"wp:term":[{"taxonomy":"topic","embeddable":true,"href":"https:\/\/www.skppsc.ch\/de\/wp-json\/wp\/v2\/topic?post=175"}],"curies":[{"name":"wp","href":"https:\/\/api.w.org\/{rel}","templated":true}]}}