{"id":4262,"date":"2025-05-20T14:56:42","date_gmt":"2025-05-20T12:56:42","guid":{"rendered":"https:\/\/www.skppsc.ch\/de\/?page_id=4262"},"modified":"2025-06-19T13:37:01","modified_gmt":"2025-06-19T11:37:01","slug":"hate-speech-hate-crime","status":"publish","type":"page","link":"https:\/\/www.skppsc.ch\/de\/themen\/gewalt\/hate-speech-hate-crime\/","title":{"rendered":"Hate Speech \/ Hate Crime"},"content":{"rendered":"<html><body><div class=\"default-container content-part\"><div class=\"inner-padding\"><p class=\"post-excerpt\">Hate Speech (Hassrede) und Hate Crime (Hasskriminalit\u00e4t) verletzen nicht nur eine bestimmte Person. Sie senden eine Hassbotschaft an ganze Gruppen. Ziel eines solchen Hass-Angriffs k\u00f6nnen wir alle werden, denn wir alle sind Teil bestimmter Gruppen.<\/p>\n\n\n<\/div><\/div><div class=\"default-container content-part replaced-hr\"><div class=\"inner-padding\">\n\n\n\n<h2 class=\"wp-block-heading foreground-primary\">Definiton<\/h2>\n\n\n\n<p>Als <strong>Hate Speech<\/strong> k\u00f6nnen Ausdrucksformen aller Art bezeichnet werden, die sich gegen eine Einzelperson oder eine Gruppe richten. Dies mit dem Ziel, sie zu beleidigen, zu beschimpfen, abzuwerten, herabzuw\u00fcrdigen, zu verunglimpfen, zu verspotten, ver\u00e4chtlich zu machen, kurz: zu diskriminieren.<\/p>\n\n\n\n<p><strong>Hate Crime<\/strong> ist eine Straftat, die auf Vorurteilen gegen bestimmte Gruppen gr\u00fcndet. Es braucht also ein Vorurteil (\u00abHate\u00bb) und eine Straftat (\u00abCrime\u00bb).<\/p>\n\n\n\n<\/div><\/div><div class=\"default-container content-part replaced-hr\"><div class=\"inner-padding\">\n\n\n\n<h2 class=\"wp-block-heading foreground-primary\">Ph\u00e4nomen und typische Merkmale<\/h2>\n\n\n\n<p>Die Betroffenen von Hate Speech und Hate Crime werden aufgrund ihrer (zugeschriebenen) Gruppen\u00adzugeh\u00f6rigkeit ausgew\u00e4hlt. <strong>Besonders von Hass betroffen sind Minderheiten und marginalisierte Gruppen<\/strong>. Gem\u00e4ss Erkenntnissen aus der Wissenschaft gelten als h\u00e4ufigste Gr\u00fcnde f\u00fcr \u00dcbergriffe die Merkmale Herkunft, Sprache, Nationalit\u00e4t, Geschlecht, sexuelle Orientierung, politische, religi\u00f6se oder andere \u00dcberzeugungen und k\u00f6rperliches Aussehen.<\/p>\n\n\n\n<p>T\u00e4terinnen und T\u00e4ter von Hate Speech und Hate Crime w\u00e4hlen ihr Ziel aufgrund eines <strong>Vorurteils<\/strong>. Vorurteile sind nicht angeboren, sie werden \u00aberlernt\u00bb, bereits in der Kindheit und Jugendzeit. Auch die eigene Gruppenzugeh\u00f6rigkeit, echte oder empfundene Ungleichheiten, Medieneinfluss usw. spielen eine Rolle. Ein besonderer Aspekt im Zusammenhang mit Hate Speech und Hate Crime ist das <a href=\"https:\/\/www.skppsc.ch\/de\/themen\/internet\/cybermobbing\/\" target=\"_blank\" rel=\"noreferrer noopener\">Cybermobbing<\/a>. Von Cybermobbing spricht man, wenn mehrere T\u00e4ter und\/oder T\u00e4terinnen eine Person via Internet oder Handy \u00fcber einen l\u00e4ngeren Zeitraum hinweg absichtlich beleidigen, bedrohen, blossstellen oder bel\u00e4stigen.<\/p>\n\n\n\n<\/div><\/div><div class=\"full content-part image-wrapper image-4317\"><img width=\"2560\" height=\"1280\" src=\"https:\/\/www.skppsc.ch\/de\/wp-content\/uploads\/sites\/2\/2025\/06\/hate5-2560x1280.jpg\" class=\"attachment-skp-large-force-ratio size-skp-large-force-ratio\" alt=\"\" srcset=\"https:\/\/www.skppsc.ch\/de\/wp-content\/uploads\/sites\/2\/2025\/06\/hate5-2560x1280.jpg 2560w, https:\/\/www.skppsc.ch\/de\/wp-content\/uploads\/sites\/2\/2025\/06\/hate5-300x150.jpg 300w, https:\/\/www.skppsc.ch\/de\/wp-content\/uploads\/sites\/2\/2025\/06\/hate5-1024x512.jpg 1024w, https:\/\/www.skppsc.ch\/de\/wp-content\/uploads\/sites\/2\/2025\/06\/hate5-768x384.jpg 768w, https:\/\/www.skppsc.ch\/de\/wp-content\/uploads\/sites\/2\/2025\/06\/hate5-1536x768.jpg 1536w, https:\/\/www.skppsc.ch\/de\/wp-content\/uploads\/sites\/2\/2025\/06\/hate5-2048x1024.jpg 2048w, https:\/\/www.skppsc.ch\/de\/wp-content\/uploads\/sites\/2\/2025\/06\/hate5-640x320.jpg 640w, https:\/\/www.skppsc.ch\/de\/wp-content\/uploads\/sites\/2\/2025\/06\/hate5-1280x640.jpg 1280w\" sizes=\"(max-width: 2560px) 100vw, 2560px\"><\/div><div class=\"default-container content-part\"><div class=\"inner-padding\">\n\n\n\n<h2 class=\"wp-block-heading foreground-primary\">Rechtslage<\/h2>\n\n\n\n<p>Art. 261<sup>bis<\/sup> StGB sch\u00fctzt nebst dem \u00f6ffentlichen Frieden auch die Menschenw\u00fcrde und die Gleichheit aller Menschen, unabh\u00e4ngig von ihrer \u00abRasse\u00bb, Ethnie, Religion oder sexuellen Orientierung. Die Menschenw\u00fcrde ist dann verletzt, wenn eine Person oder eine Personengruppe im Kern ihrer Pers\u00f6nlichkeit getroffen wird, d. h., wenn sie als minderwertig dargestellt oder ihr die Qualit\u00e4t als menschliches Wesen oder das Recht zu leben abgesprochen wird.<\/p>\n\n\n\n<p>Bei Art. 261<sup>bis<\/sup> StGB handelt es sich um ein Offizialdelikt. Offizialdelikte sind schwerwiegende Straftaten, die von den Strafverfolgungsbeh\u00f6rden (Staatsanwaltschaft und Polizei) verfolgt werden m\u00fcssen, sobald sie davon Kenntnis erlangen.<\/p>\n\n\n\n<p>Der Diskriminierungsschutz gem\u00e4ss Art. 8 Bundesverfassung geht weiter und sch\u00fctzt zus\u00e4tzlich das Geschlecht, das Alter, die Sprache, die soziale Stellung, die Lebensform, weltanschauliche oder politische \u00dcberzeugung oder k\u00f6rperliche, geistige oder psychische Behinderung. Obwohl diese Merkmale durch 261<sup>bis<\/sup> StGB nicht strafrechtlich gesch\u00fctzt sind, k\u00f6nnen diese in der Strafzumessung durch das Gericht ber\u00fccksichtigt werden (Art. 47 StGB), sofern der zu beurteilende Sachverhalt einen Straftatbestand erf\u00fcllt.<\/p>\n\n\n\n<\/div><\/div><div class=\"default-container content-part replaced-hr\"><div class=\"inner-padding\">\n\n\n\n<h2 class=\"wp-block-heading foreground-primary\">Was tut die Polizei?<\/h2>\n\n\n\n<p>Bei einem Fall von Hate Speech oder Hate Crime unterst\u00fctzt Sie die Polizei und ber\u00e4t Sie dazu bei der Entgegennahme Ihrer Anzeige. Am einfachsten ist es, die Anzeige m\u00fcndlich beim n\u00e4chsten Polizeiposten zu erstatten. In einem Gespr\u00e4ch wird Ihr Fall gepr\u00fcft und Sie werden \u00fcber das weitere Vorgehen beraten.<\/p>\n\n\n\n<p>Da immer noch viele Betroffene bef\u00fcrchten, von der Polizei nicht ernstgenommen zu werden und auf zus\u00e4tzliche Diskriminierung zu stossen, werden Hate Crime oftmals gar nicht angezeigt. Um diesen Bef\u00fcrchtungen entgegenzuwirken, werden polizeiliche Einsatzkr\u00e4fte fortlaufend besser geschult und sensibilisiert.<\/p>\n\n\n\n<p>Polizei oder Untersuchungsbeh\u00f6rden werden den ganzen Tatablauf erfragen. Einen besonderen Fokus werden sie auf das Motiv der T\u00e4terschaft legen. Es k\u00f6nnte beispielsweise gefragt werden: \u00abWas k\u00f6nnte aus Ihrer Sicht das Motiv der T\u00e4terschaft sein? Was denken Sie, worauf zielte die Straftat ab?\u00bb. Sollte die Polizei keine entsprechenden Fragen stellen (beispielsweise, weil ein m\u00f6glicher Zusammenhang nicht gleich erkannt wird): bringen Sie selbst diese Gedanken ein. Die Polizei wird Ermittlungen t\u00e4tigen. Sie wird versuchen, gerichtsverwertbar festzuhalten, wer die Tat wie, wann, wo, weshalb begangen hat.<\/p>\n\n\n\n<\/div><\/div><div class=\"full content-part image-wrapper image-4313\"><img width=\"2560\" height=\"1280\" src=\"https:\/\/www.skppsc.ch\/de\/wp-content\/uploads\/sites\/2\/2025\/06\/hate4_1-2560x1280.jpg\" class=\"attachment-skp-large-force-ratio size-skp-large-force-ratio\" alt=\"\" srcset=\"https:\/\/www.skppsc.ch\/de\/wp-content\/uploads\/sites\/2\/2025\/06\/hate4_1-2560x1280.jpg 2560w, https:\/\/www.skppsc.ch\/de\/wp-content\/uploads\/sites\/2\/2025\/06\/hate4_1-300x150.jpg 300w, https:\/\/www.skppsc.ch\/de\/wp-content\/uploads\/sites\/2\/2025\/06\/hate4_1-1024x512.jpg 1024w, https:\/\/www.skppsc.ch\/de\/wp-content\/uploads\/sites\/2\/2025\/06\/hate4_1-768x384.jpg 768w, https:\/\/www.skppsc.ch\/de\/wp-content\/uploads\/sites\/2\/2025\/06\/hate4_1-1536x768.jpg 1536w, https:\/\/www.skppsc.ch\/de\/wp-content\/uploads\/sites\/2\/2025\/06\/hate4_1-2048x1024.jpg 2048w, https:\/\/www.skppsc.ch\/de\/wp-content\/uploads\/sites\/2\/2025\/06\/hate4_1-640x320.jpg 640w, https:\/\/www.skppsc.ch\/de\/wp-content\/uploads\/sites\/2\/2025\/06\/hate4_1-1280x640.jpg 1280w\" sizes=\"(max-width: 2560px) 100vw, 2560px\"><\/div><div class=\"default-container content-part\"><div class=\"inner-padding\">\n\n\n<\/div><\/div><div class=\"default-container clues content-part children-count-3 children-count-odd\"><div class=\"inner-padding\"><a id=\"tips\"><\/a><h2 class=\"subcontent-main-title foreground-primary foreground-primary\">Was kann ich tun?<\/h2><div class=\"clues-inner-table clues-count-odd\"><div class=\"clue-item clues-count-odd clues-count-3 background-faded\"><div class=\"clue verhaltenstipps-fuer-potenziell-betroffene\"><h3 class=\"clue-title background-primary foreground-title\">Verhaltenstipps f\u00fcr potenziell Betroffene<\/h3><p><!-- wp:list --><\/p>\n<ul class=\"wp-block-list\"><!-- wp:list-item -->\n<li><strong>Handeln Sie: <\/strong>Lassen Sie sich Hate Speech und Hate Crime nicht gefallen. Sagen oder schreiben Sie beispielsweise auf eine Hassnachricht: \u00abDamit bin ich nicht einverstanden\u00bb.<\/li>\n<p><!-- \/wp:list-item --><\/p>\n<p><!-- wp:list-item --><\/p>\n<li><strong>Sammeln Sie Belege oder Beweise:<\/strong> Offline zum Beispiel durch Foto-\/Videoaufnahmen (die Sie nicht verbreiten, sondern der Polizei zur Verf\u00fcgung stellen). Online durch Abspeichern oder Screenshots.<\/li>\n<p><!-- \/wp:list-item --><\/p>\n<p><!-- wp:list-item --><\/p>\n<li><strong>Nutzen Sie die Meldefunktionen auf Online-Plattformen:<\/strong> Meldem\u00f6glichkeiten finden sich bei vielen Social Media-Anbietern, bei unabh\u00e4ngigen Organisationen, die sich f\u00fcr den Schutz von Minderheiten einsetzen und bei Interessensverb\u00e4nden. Hasserf\u00fcllte Kommentare sollen nicht hingenommen werden.<\/li>\n<p><!-- \/wp:list-item --><\/p>\n<p><!-- wp:list-item --><\/p>\n<li><strong>Sch\u00fctzen Sie sich selbst: <\/strong>Online durch entsprechende Einstellungen Ihrer Privatsph\u00e4re (Hinweise dazu finden Sie in separaten Brosch\u00fcren der SKP zum Thema <a href=\"https:\/\/www.skppsc.ch\/de\/themen\/internet\/\" target=\"_blank\" rel=\"noreferrer noopener\">Internet<\/a>).<\/li>\n<p><!-- \/wp:list-item --><\/p><\/ul>\n<p><!-- \/wp:list --><\/p>\n<\/div><\/div><div class=\"clue-item clues-count-odd clues-count-3 background-faded\"><div class=\"clue verhaltenstipps-fuer-auskunftspersonen-zeuginnen-zeugen-oder-beobachtende\"><h3 class=\"clue-title background-primary foreground-title\">Verhaltenstipps f\u00fcr Auskunftspersonen, Zeuginnen, Zeugen oder Beobachtende<\/h3><p><!-- wp:list --><\/p>\n<ul class=\"wp-block-list\"><!-- wp:list-item -->\n<li><strong>Informieren Sie sich und andere \u00fcber die Thematik und ihre Auswirkungen:<\/strong> Bildung und Aufkl\u00e4rung tragen entscheidend zu gesellschaftlicher Widerstandsf\u00e4higkeit gegen Hate Crime bei. Das trifft f\u00fcr alle Altersstufen zu: Kinder, Jugendliche, und Erwachsene.<\/li>\n<p><!-- \/wp:list-item --><\/p>\n<p><!-- wp:list-item --><\/p>\n<li><strong>Schauen Sie bei Gefahrensituationen nicht weg,<\/strong> sondern handeln Sie angemessen mit Zivilcourage. Entsprechende Hinweise finden Sie in der SKP-Brosch\u00fcre <a href=\"https:\/\/www.skppsc.ch\/de\/download\/broschuere-bitte-misch-dich-ein\/\" target=\"_blank\" rel=\"noreferrer noopener\">\u00abBitte misch dich ein! Warum Zivilcourage f\u00fcr unsere Gesellschaft so wichtig ist\u00bb<\/a>.<\/li>\n<p><!-- \/wp:list-item --><\/p>\n<p><!-- wp:list-item --><\/p>\n<li><strong>Unterst\u00fctzen Sie Betroffene und setzen Sie sich aktiv gegen Diskriminierung ein:<\/strong> Zeigen Sie Solidarit\u00e4t. Sagen oder schreiben Sie zum Beispiel: \u00abIn unserer Gesellschaft ist kein Platz f\u00fcr Hass und Diskriminierung\u00bb.<\/li>\n<p><!-- \/wp:list-item --><\/p>\n<p><!-- wp:list-item --><\/p>\n<li><strong>Bieten Sie sich aktiv als Auskunftsperson an.<\/strong><\/li>\n<p><!-- \/wp:list-item --><\/p><\/ul>\n<p><!-- \/wp:list --><\/p>\n<p><!-- wp:paragraph --><\/p>\n<p><!-- \/wp:paragraph --><\/p>\n<\/div><\/div><div class=\"clue-item clues-count-odd clues-count-3 background-faded\"><div class=\"clue mahnhinweise-fuer-potenzielle-taeterinnen-und-taeter\"><h3 class=\"clue-title background-primary foreground-title\">Mahnhinweise f\u00fcr potenzielle T\u00e4terinnen und T\u00e4ter<\/h3><p><!-- wp:list --><\/p>\n<ul class=\"wp-block-list\"><!-- wp:list-item -->\n<li><strong>Seien Sie sich bewusst:<\/strong> Nicht alles, was gesagt oder getan werden kann, ist auch legal. Sie k\u00f6nnen sich nicht auf die Meinungs\u00e4usserungsfreiheit berufen, wenn Sie die Menschenw\u00fcrde anderer verletzen oder sich strafbar verhalten. Auch das Internet ist kein rechtsfreier Raum. Die Polizei ist auch dort pr\u00e4sent. Seien Sie sich bewusst, dass das Online-Verhalten keine Anonymit\u00e4t bieten kann.<\/li>\n<p><!-- \/wp:list-item --><\/p>\n<p><!-- wp:list-item --><\/p>\n<li><strong>Versuchen Sie, gar nicht erst in die N\u00e4he des strafbaren Verhaltens zu kommen.<\/strong> \u00dcberlegen Sie sich vor jeder Handlung: Wie kann diese Handlung oder Botschaft von anderen Personengruppen aufgefasst werden? K\u00f6nnte ich damit jemanden oder ganze Gruppierungen beleidigen, diskriminieren, ver\u00e4ngstigen?<\/li>\n<p><!-- \/wp:list-item --><\/p>\n<p><!-- wp:list-item --><\/p>\n<li><strong>Wenn Sie merken, dass Sie zu weit gegangen sind, entschuldigen Sie sich.<\/strong> Wenn m\u00f6glich, machen Sie das Geschehene r\u00fcckg\u00e4ngig.<\/li>\n<p><!-- \/wp:list-item --><\/p>\n<p><!-- wp:list-item --><\/p>\n<li><strong>Sie m\u00f6chten sich selbst vor dem Empfang von Hassnachrichten sch\u00fctzen, um gar nicht erst in Versuchung zu geraten, diese weiterzuverbreiten?<\/strong> Nutzen Sie zu ihrem eigenen Schutz sog. Jugendschutzfilter: Diese k\u00f6nnen als Sicherheitseinstellungen auf Social-Media-Plattformen, Streamingdiensten oder Spielekonsolen aktiviert werden, um den Zugang zu potenziell sch\u00e4dlichen Inhalten einzuschr\u00e4nken. Somit kommen Sie weniger mit Hassnachrichten in Kontakt.<\/li>\n<p><!-- \/wp:list-item --><\/p><\/ul>\n<p><!-- \/wp:list --><\/p>\n<\/div><\/div><\/div><\/div><\/div><div class=\"default-container content-part\"><div class=\"inner-padding\">\n\n\n<\/div><\/div><div class=\"full content-part post-name-hate-speech-hate-crime  post-type-download\"><div class=\"inner-padding\"><p class=\"featured-image download hide-on-mobile\"><a href=\"https:\/\/www.skppsc.ch\/de\/wp-content\/uploads\/sites\/2\/2023\/07\/hate_speech_hate_crime.pdf\" download target=\"_blank\"><img loading=\"lazy\" decoding=\"async\" width=\"640\" height=\"908\" src=\"https:\/\/www.skppsc.ch\/de\/wp-content\/uploads\/sites\/2\/2023\/07\/hate_speech_hate_crime-640x908.jpg\" class=\"attachment-skp-thumbnail-keep-ratio size-skp-thumbnail-keep-ratio wp-post-image\" alt=\"\" srcset=\"https:\/\/www.skppsc.ch\/de\/wp-content\/uploads\/sites\/2\/2023\/07\/hate_speech_hate_crime-640x908.jpg 640w, https:\/\/www.skppsc.ch\/de\/wp-content\/uploads\/sites\/2\/2023\/07\/hate_speech_hate_crime-211x300.jpg 211w, https:\/\/www.skppsc.ch\/de\/wp-content\/uploads\/sites\/2\/2023\/07\/hate_speech_hate_crime-722x1024.jpg 722w, https:\/\/www.skppsc.ch\/de\/wp-content\/uploads\/sites\/2\/2023\/07\/hate_speech_hate_crime-768x1090.jpg 768w, https:\/\/www.skppsc.ch\/de\/wp-content\/uploads\/sites\/2\/2023\/07\/hate_speech_hate_crime.jpg 800w\" sizes=\"auto, (max-width: 640px) 100vw, 640px\"><\/a><\/p><div class=\"remaining-content\"><h2 class=\"sub-content-title  foreground-primary foreground-primary\">Hate Speech \/ Hate Crime<\/h2><h3 class=\"sub-content-subtitle \">\u2026 und wie Sie sich davor sch\u00fctzen k\u00f6nnen.<\/h3><p><!-- wp:paragraph --><\/p>\n<p>Die Brosch\u00fcre informiert Sie \u00fcber das Ph\u00e4nomen, die Rechtslage und st\u00e4rkt Sie ganz pers\u00f6nlich, mit einzutreten gegen Hass und Ausgrenzung. Jeder Beitrag dazu ist wichtig, denn die Verhinderung und Bek\u00e4mpfung von Hassrede und Hasskriminalit\u00e4t ist n\u00f6tiger denn je.<\/p>\n<p><!-- \/wp:paragraph --><\/p>\n<p><!-- wp:file {\"id\":4329,\"href\":\"https:\/\/www.skppsc.ch\/de\/wp-content\/uploads\/sites\/2\/2023\/07\/hate_speech_hate_crime.pdf\",\"displayPreview\":true} --><\/p>\n\n<p><!-- \/wp:file --><\/p>\n<p class=\"featured-image download mobile-only\"><a href=\"https:\/\/www.skppsc.ch\/de\/wp-content\/uploads\/sites\/2\/2023\/07\/hate_speech_hate_crime.pdf\" download target=\"_blank\"><img loading=\"lazy\" decoding=\"async\" width=\"640\" height=\"908\" src=\"https:\/\/www.skppsc.ch\/de\/wp-content\/uploads\/sites\/2\/2023\/07\/hate_speech_hate_crime-640x908.jpg\" class=\"attachment-skp-thumbnail-keep-ratio size-skp-thumbnail-keep-ratio wp-post-image\" alt=\"\" srcset=\"https:\/\/www.skppsc.ch\/de\/wp-content\/uploads\/sites\/2\/2023\/07\/hate_speech_hate_crime-640x908.jpg 640w, https:\/\/www.skppsc.ch\/de\/wp-content\/uploads\/sites\/2\/2023\/07\/hate_speech_hate_crime-211x300.jpg 211w, https:\/\/www.skppsc.ch\/de\/wp-content\/uploads\/sites\/2\/2023\/07\/hate_speech_hate_crime-722x1024.jpg 722w, https:\/\/www.skppsc.ch\/de\/wp-content\/uploads\/sites\/2\/2023\/07\/hate_speech_hate_crime-768x1090.jpg 768w, https:\/\/www.skppsc.ch\/de\/wp-content\/uploads\/sites\/2\/2023\/07\/hate_speech_hate_crime.jpg 800w\" sizes=\"auto, (max-width: 640px) 100vw, 640px\"><\/a><\/p><div class=\"download-bottom-actions \"><a href=\"https:\/\/www.skppsc.ch\/de\/wp-content\/uploads\/sites\/2\/2023\/07\/hate_speech_hate_crime.pdf\" download target=\"_blank\" class=\"large skp-icon skp-download-pdf download-icon \" title=\"\"><span class=\"link-text\"><\/span><\/a><u-add-to-cart :options='[{\"id\":3220,\"title\":\"Hate Speech \\\/ Hate Crime\",\"byline\":\"Brosch\\u00fcre A5, 16 Seiten, 2025\",\"lang\":\"de\",\"siteId\":2,\"cartHash\":\"mlk\",\"amount\":0,\"max\":\"9999\",\"articleNumber\":\"10087\"},{\"id\":1955,\"title\":\"Discours de haine et crimes de haine\",\"byline\":\"Brochure, A5, 16 pages, 2025\",\"lang\":\"fr\",\"siteId\":5,\"cartHash\":\"1inj\",\"amount\":0,\"max\":\"9999\",\"articleNumber\":\"20087\"},{\"id\":1857,\"title\":\"Incitamento all\\u2019odio \\\/ crimini d\\u2019odio\",\"byline\":\"Opuscolo, A5, 16 pagine, 2025\",\"lang\":\"it\",\"siteId\":7,\"cartHash\":\"265h\",\"amount\":0,\"max\":\"9999\",\"articleNumber\":\"30087\"}]' :is-logged-in=\"false\" login-url=\"https:\/\/www.skppsc.ch\/de\/wp-login.php?redirect_to=https%3A%2F%2Fwww.skppsc.ch%2Fde%2Fwp-json%2Fwp%2Fv2%2Fpages%2F4262%3Fpr%3Dmlk%23mlk\" police-url=\"https:\/\/www.skppsc.ch\/de\/kontakt-zur-polizei\/\" :initially-opened=\"false\"><\/u-add-to-cart><\/div><\/div><\/div><\/div><div class=\"default-container content-part\"><div class=\"inner-padding\">\n\n\n\n<h2 class=\"wp-block-heading foreground-primary\">Beratungs- und Hilfsangebote<\/h2>\n\n\n\n<h3 class=\"wp-block-heading\"><strong>Hilfe im Notfall <\/strong><\/h3>\n\n\n\n<p><strong>(kostenlose Telefonnummern, jederzeit erreichbar)<\/strong><\/p>\n\n\n\n<ul class=\"wp-block-list\">\n<li><a href=\"tel:+41117\" target=\"_blank\" rel=\"noreferrer noopener\">Polizei Tel.\u00a0117<\/a><\/li>\n\n\n\n<li><a href=\"https:\/\/www.143.ch\/\" target=\"_blank\" rel=\"noreferrer noopener\">Die Dargebotene Hand \u2013 anonyme Hilfe und Beratung f\u00fcr Erwachsene<\/a>\u00a0|\u00a0<a href=\"tel:+41143\">Tel.\u00a0143<\/a><\/li>\n\n\n\n<li><a href=\"https:\/\/www.projuventute.ch\/de\" target=\"_blank\" rel=\"noreferrer noopener\">Pro Juventute \u2013 anonyme Hilfe und Beratung f\u00fcr Kinder und Jugendliche<\/a>\u00a0|\u00a0<a href=\"tel:+41147\">Tel.\u00a0147<\/a><\/li>\n<\/ul>\n\n\n\n<h3 class=\"wp-block-heading\"><strong>Beratung bei Hassrede oder Hasskriminalit\u00e4t<\/strong><\/h3>\n\n\n\n<ul class=\"wp-block-list\">\n<li>Meldeplattform f\u00fcr rassistische Online-Hassrede, report online racism: <a href=\"https:\/\/www.reportonlineracism.ch\/\" target=\"_blank\" rel=\"noreferrer noopener\">Melden<\/a><\/li>\n\n\n\n<li>Stiftung gegen Rassismus und Antisemitismus (GRA): <a href=\"http:\/\/www.gra.ch\/vorfall-melden\/\" target=\"_blank\" rel=\"noreferrer noopener\">Vorfall melden<\/a><\/li>\n\n\n\n<li>Beratungsnetz f\u00fcr Rassismusopfer: <a href=\"https:\/\/www.network-racism.ch\/meldeformular\" target=\"_blank\" rel=\"noreferrer noopener\">Vorfall melden<\/a><\/li>\n\n\n\n<li>LGBTIQ-Helpline: <a href=\"https:\/\/www.lgbtiq-helpline.ch\/de\/beratung\" target=\"_blank\" rel=\"noreferrer noopener\">Beratung<\/a>\u00a0|\u00a0<a href=\"tel:+41-800-133-133\">Tel.\u00a00800\u00a0133\u00a0133<\/a><\/li>\n\n\n\n<li>Transgender Network Switzerland (TGNS): <a href=\"https:\/\/www.tgns.ch\/de\/beratung\/\" target=\"_blank\" rel=\"noreferrer noopener\">Beratung<\/a><\/li>\n\n\n\n<li>Opferhilfe Schweiz: <a href=\"https:\/\/www.opferhilfe-schweiz.ch\/de\/wo-finde-ich-hilfe\/\" target=\"_blank\" rel=\"noreferrer noopener\">Beratung<\/a><\/li>\n<\/ul>\n\n\n\n<h3 class=\"wp-block-heading\"><strong>Andere Informationsseiten<\/strong><strong><\/strong><\/h3>\n\n\n\n<ul class=\"wp-block-list\">\n<li>Projekt <a href=\"http:\/\/www.stophatespeech.ch\/\" target=\"_blank\" rel=\"noreferrer noopener\">Stop Hate Speech<\/a><\/li>\n\n\n\n<li><a href=\"https:\/\/pinkcop.ch\/\" target=\"_blank\" rel=\"noreferrer noopener\">PinkCop<\/a>, unabh\u00e4ngiger und schweizweiter Verein f\u00fcr queere, bei der Polizei oder Strafverfolgungsbeh\u00f6rden t\u00e4tige Personen<\/li>\n\n\n\n<li><a href=\"https:\/\/www.jugendundmedien.ch\/\" target=\"_blank\" rel=\"noreferrer noopener\">Jugend und Medien<\/a>, Nationale Plattform zur F\u00f6rderung von Medienkompetenz<\/li>\n\n\n\n<li><a href=\"https:\/\/www.frb.admin.ch\/de\/\" target=\"_blank\" rel=\"noreferrer noopener\">Fachstelle f\u00fcr Rassismusbek\u00e4mpfung<\/a> und <a href=\"https:\/\/www.ekr.admin.ch\/d112.html\" target=\"_blank\" rel=\"noreferrer noopener\">Eidg. Kommission gegen Rassismus EKR<\/a>, Eidg. Departement des Innern<\/li>\n<\/ul>\n\n\n\n<\/div><\/div><div class=\"full content-part image-wrapper image-4315\"><img width=\"2560\" height=\"1280\" src=\"https:\/\/www.skppsc.ch\/de\/wp-content\/uploads\/sites\/2\/2025\/06\/hate3_1-2560x1280.jpg\" class=\"attachment-skp-large-force-ratio size-skp-large-force-ratio\" alt=\"\" srcset=\"https:\/\/www.skppsc.ch\/de\/wp-content\/uploads\/sites\/2\/2025\/06\/hate3_1-2560x1280.jpg 2560w, https:\/\/www.skppsc.ch\/de\/wp-content\/uploads\/sites\/2\/2025\/06\/hate3_1-300x150.jpg 300w, https:\/\/www.skppsc.ch\/de\/wp-content\/uploads\/sites\/2\/2025\/06\/hate3_1-1024x512.jpg 1024w, https:\/\/www.skppsc.ch\/de\/wp-content\/uploads\/sites\/2\/2025\/06\/hate3_1-768x384.jpg 768w, https:\/\/www.skppsc.ch\/de\/wp-content\/uploads\/sites\/2\/2025\/06\/hate3_1-1536x768.jpg 1536w, https:\/\/www.skppsc.ch\/de\/wp-content\/uploads\/sites\/2\/2025\/06\/hate3_1-2048x1024.jpg 2048w, https:\/\/www.skppsc.ch\/de\/wp-content\/uploads\/sites\/2\/2025\/06\/hate3_1-640x320.jpg 640w, https:\/\/www.skppsc.ch\/de\/wp-content\/uploads\/sites\/2\/2025\/06\/hate3_1-1280x640.jpg 1280w\" sizes=\"(max-width: 2560px) 100vw, 2560px\"><\/div><div class=\"default-container content-part\"><div class=\"inner-padding\">\n\n\n\n<p><\/p>\n<\/div><\/div><\/body><\/html>","protected":false},"excerpt":{"rendered":"<p>Hate Speech (Hassrede) und Hate Crime (Hasskriminalit\u00e4t) verletzen nicht nur eine bestimmte Person. Sie senden eine Hassbotschaft an ganze Gruppen. Ziel eines solchen Hass-Angriffs k\u00f6nnen wir alle werden, denn wir alle sind Teil bestimmter Gruppen.<\/p>\n","protected":false},"author":385,"featured_media":4266,"parent":133,"menu_order":6,"comment_status":"closed","ping_status":"closed","template":"","meta":{"showSharingButtons":false,"skp-theme-color":"seven","_subtitle":"","alternative_title":"","seoDescription":"","seoKeywords":"","seoTitle":"","featuredVideoEmbedCode":"","featuredYoutubeVideoId":"","notes":"","redirectToPostId":0,"skp-further-information":"","hideTile":false,"pageType":"","editor_notices":[],"footnotes":""},"topic":[],"class_list":["post-4262","page","type-page","status-publish","has-post-thumbnail","hentry"],"aioseo_notices":[],"_links":{"self":[{"href":"https:\/\/www.skppsc.ch\/de\/wp-json\/wp\/v2\/pages\/4262","targetHints":{"allow":["GET"]}}],"collection":[{"href":"https:\/\/www.skppsc.ch\/de\/wp-json\/wp\/v2\/pages"}],"about":[{"href":"https:\/\/www.skppsc.ch\/de\/wp-json\/wp\/v2\/types\/page"}],"author":[{"embeddable":true,"href":"https:\/\/www.skppsc.ch\/de\/wp-json\/wp\/v2\/users\/385"}],"replies":[{"embeddable":true,"href":"https:\/\/www.skppsc.ch\/de\/wp-json\/wp\/v2\/comments?post=4262"}],"version-history":[{"count":0,"href":"https:\/\/www.skppsc.ch\/de\/wp-json\/wp\/v2\/pages\/4262\/revisions"}],"up":[{"embeddable":true,"href":"https:\/\/www.skppsc.ch\/de\/wp-json\/wp\/v2\/pages\/133"}],"wp:featuredmedia":[{"embeddable":true,"href":"https:\/\/www.skppsc.ch\/de\/wp-json\/wp\/v2\/media\/4266"}],"wp:attachment":[{"href":"https:\/\/www.skppsc.ch\/de\/wp-json\/wp\/v2\/media?parent=4262"}],"wp:term":[{"taxonomy":"topic","embeddable":true,"href":"https:\/\/www.skppsc.ch\/de\/wp-json\/wp\/v2\/topic?post=4262"}],"curies":[{"name":"wp","href":"https:\/\/api.w.org\/{rel}","templated":true}]}}