{"id":2412,"date":"2025-07-08T15:26:50","date_gmt":"2025-07-08T13:26:50","guid":{"rendered":"https:\/\/www.skppsc.ch\/fr\/?page_id=2412"},"modified":"2026-05-01T12:24:56","modified_gmt":"2026-05-01T10:24:56","slug":"ensemble-sans-violence-sexuelle","status":"publish","type":"page","link":"https:\/\/www.skppsc.ch\/fr\/projets\/ensemble-sans-violence-sexuelle\/","title":{"rendered":"Ensemble sans violence sexuelle"},"content":{"rendered":"<html><body><div class=\"default-container content-part\"><div class=\"inner-padding\"><p class=\"post-excerpt\">Avec notre campagne \u00ab Ensemble sans violence sexuelle \u00bb, nous avons pour objectif de contribuer \u00e0 <strong>une prise de conscience g\u00e9n\u00e9rale : <\/strong>la violence sexuelle est malheureusement une r\u00e9alit\u00e9 quotidienne dans notre soci\u00e9t\u00e9 ; unissons nos forces pour <strong>contrer ce ph\u00e9nom\u00e8ne !<\/strong> Pour aller dans cette direction, nous avons cr\u00e9\u00e9 un <strong>label,<\/strong> qui est la pi\u00e8ce ma\u00eetresse de notre campagne ; un label qui atteste d\u2019une r\u00e9alit\u00e9 sociale qui n\u2019existe certes pas (encore), mais qu\u2019ensemble nous aspirons \u00e0 cr\u00e9er. Ce label, inspir\u00e9 des labels souvent utilis\u00e9s sur les produits de sant\u00e9 et de beaut\u00e9, mentionne les ingr\u00e9dients n\u00e9fastes absents de notre projet de soci\u00e9t\u00e9 saine et les ingr\u00e9dients de qualit\u00e9 qui seront n\u00e9cessaires pour r\u00e9aliser ce projet. Une soci\u00e9t\u00e9 labellis\u00e9e \u00ab sans violence sexuelle \u00bb doit pouvoir garantir <strong>\u00e0 100 % le respect mutuel<\/strong> et <strong>l\u2019absence d\u2019abus sexuels :<\/strong> c\u2019est le gage d\u2019une <strong>vie sociale saine.<\/strong> C\u2019est notre objectif. Ensemble, faisons en sorte de m\u00e9riter ce label !<\/p>\n\n<\/div><\/div><div class=\"default-container content-part   \" style=\";\"><div class=\"inner-padding\">\n\n\n<p>La soci\u00e9t\u00e9 per\u00e7oit aujourd\u2019hui la<strong> violence sexuelle<\/strong> comme un probl\u00e8me majeur, ce qui tient probablement aussi \u00e0 l\u2019omnipr\u00e9sence du <strong>th\u00e8me du sexe<\/strong> dans notre soci\u00e9t\u00e9 : Nous nous nous int\u00e9ressons \u00e0 l\u2019orientation sexuelle des personnalit\u00e9s en vue et de nos voisines et voisins, et m\u00eame \u00e0 leur vie sexuelle ; des manifestations de grande envergure revendiquent<strong> l\u2019identit\u00e9<\/strong> et <strong>l\u2019int\u00e9grit\u00e9 sexuelles<\/strong> de certains groupes \u2013 ou s\u2019y opposent ! Tous les m\u00e9dias nous abreuvent quotidiennement de <strong>st\u00e9r\u00e9otypes sexuels ;<\/strong> le cin\u00e9ma, la musique et l\u2019art v\u00e9hiculent des normes sexuelles, de m\u00eame que la mode et surtout que la publicit\u00e9. <strong>Nous sommes \u00e9galement devenus plus sensibles \u00e0 la notion de violation des limites.<\/strong><\/p>\n\n\n<\/div><\/div><div class=\"default-container content-part   \" style=\";\"><div class=\"inner-padding\">\n\n<div class=\"separator of-size-very-small \"><\/div>\n\n\n<details class=\"wp-block-details\"><summary>Qu\u2019est-ce que la violence sexuelle ?<\/summary>\n<p>Le sexe a beau \u00eatre omnipr\u00e9sent dans notre soci\u00e9t\u00e9, il constitue une facette <strong>\u00e9minemment sensible<\/strong> de chaque individualit\u00e9. Une facette qui devrait sans la moindre faille \u00eatre <strong>\u00e0 l\u2019abri<\/strong> de gestes non d\u00e9sir\u00e9s ! C\u2019est justement parce que le sexe est une affaire si intime et si sensible que la plupart des gens sont extr\u00eamement vuln\u00e9rables \u00e0 cet \u00e9gard, tant psychologiquement que physiquement. Les agressions et les atteintes sexuelles sont inadmissibles, qu\u2019elles aient \u00e9t\u00e9 commises consciemment ou non, autrement dit que la personne agress\u00e9e ait \u00e9t\u00e9 <strong>bless\u00e9e intentionnellement<\/strong> ou que son abuseur ne prenne conscience de la port\u00e9e de son acte qu\u2019apr\u00e8s avoir assouvi ses propres objectifs sexuels.<\/p>\n\n\n\n<p>Dans le contexte de notre campagne, nous appellerons <strong>violence sexuelle<\/strong> toute forme d\u2019agression et d\u2019atteinte sexuelle, par la parole ou par le geste, qu\u2019elle soit insidieuse ou ouvertement violente. Cela inclut \u00e9galement la notion de <strong>violence sexualis\u00e9e<\/strong> qui d\u00e9signe les violences o\u00f9 ce qui prime d\u2019embl\u00e9e, ce n\u2019est pas l\u2019app\u00e9tit sexuel de l\u2019auteur, mais son objectif ultime consistant \u00e0 humilier sa proie, la rabaisser et ainsi l\u2019affaiblir et la soumettre durablement. Le sexe devient d\u00e8s lors un <strong>instrument de pouvoir.<\/strong> Tout le monde a entendu parler de la violence domestique (viol conjugal), de la violence sur le lieu de travail (harc\u00e8lement sexuel), ou encore des viols de masse pendant les guerres. Pour les abuseurs, un tel exercice du pouvoir peut devenir \u00e0 son tour une source d\u2019excitation sexuelle.<\/p>\n<\/details>\n\n\n\n<details class=\"wp-block-details\"><summary>Qu\u2019est-ce qu\u2019une atteinte sexuelle ?<\/summary>\n<p>Dans le langage de tous les jours, une atteinte constitue un <strong>d\u00e9passement ill\u00e9gitime des limites\u00a0:<\/strong> quelqu\u2019un outrepasse ses propres limites et viole celles d\u2019autrui. Cette d\u00e9finition est \u00e9galement valable dans le domaine de la violence sexuelle, qui peut commencer par des transgressions apparemment anodines. Bien qu\u2019en Suisse, le l\u00e9gislateur ait d\u00e9cid\u00e9 d\u2019introduire une distinction linguistique particuli\u00e8re : <strong>juridiquement,<\/strong> on distingue l\u2019<strong>atteinte sexuelle<\/strong> \u2013 tout acte d\u2019ordre sexuel non consenti et se d\u00e9roulant sous la contrainte et la pression \u2013 du <strong>viol,<\/strong> qui est la forme la plus grave de contrainte sexuelle impliquant, de surcro\u00eet, l\u2019acte physique de la <strong>p\u00e9n\u00e9tration.<\/strong> Par ailleurs, contrairement \u00e0 ce que l\u2019on pourrait supposer, une tape sur les fesses, une photo exhibitionniste prise avec un t\u00e9l\u00e9phone portable (dick pic) ou m\u00eame une agression de nature <strong>verbale<\/strong> n\u2019entrent pas dans la cat\u00e9gorie des atteintes sexuelles, mais dans celle du <strong>d\u00e9sagr\u00e9ment d\u2019ordre sexuel. <\/strong>Comme bien souvent, il n\u2019est pas \u00e9vident de saisir les subtilit\u00e9s juridiques si l\u2019on n\u2019est pas juriste soi-m\u00eame. Pour consulter la liste des bases l\u00e9gales en vigueur, suivez <a href=\"https:\/\/www.skppsc.ch\/fr\/sujets\/violence-sexuelle\/violence-sexuelle-adultes\/\" target=\"_blank\" rel=\"noreferrer noopener\">ce lien.<\/a><\/p>\n\n\n\n<p>Cependant, on a toujours la possibilit\u00e9 de d\u00e9duire la gravit\u00e9 d\u2019un d\u00e9lit en fonction de la nature des poursuites engag\u00e9es. Dans le cas le plus grave d\u2019une <strong>infraction poursuivie d\u2019office,<\/strong> les autorit\u00e9s engagent une action p\u00e9nale d\u00e8s qu\u2019elles ont connaissance des faits ; en revanche, dans le cas d\u2019une <strong>infraction poursuivie sur plainte,<\/strong> l\u2019action p\u00e9nale n\u2019est engag\u00e9e que si la personne l\u00e9s\u00e9e porte plainte.<\/p>\n\n\n\n<p>Retenons l\u2019essentiel : notre campagne \u00ab Ensemble sans violence sexuelle \u00bb entend lutter <strong>contre toute forme<\/strong> d\u2019agressions, d\u2019attouchements et d\u2019atteintes d\u2019ordre sexuel, contre toute forme de d\u00e9sagr\u00e9ment d\u2019ordre sexuel, contre les <strong>agressions verbales<\/strong> \u00e0 caract\u00e8re sexuel (par ex. insultes et moqueries), contre les <strong>repr\u00e9sentations<\/strong> sexuelles que nous imposent les m\u00e9dias et la vie r\u00e9elle <strong>(exhibitionnisme)<\/strong>, contre les<strong> contacts physiques<\/strong> non d\u00e9sir\u00e9s et inappropri\u00e9s et, bien s\u00fbr, contre tous les actes d\u2019ordre sexuel contraints allant jusqu\u2019au viol qui est le plus grave. En effet, si nous voulons bien vivre ensemble, nous devons commencer par bannir <strong>toute forme<\/strong> de violence sexuelle.<\/p>\n<\/details>\n\n\n\n<details class=\"wp-block-details\"><summary>O\u00f9 la violence sexuelle peut-elle survenir ?<\/summary>\n<p>Partout : \u00e0 la <strong>maison,<\/strong> dans<strong>l\u2019espace public<\/strong> et sur notre l<strong>ieu de travail.<\/strong> En ligne et hors-ligne.<\/p>\n\n\n\n<p>Un homme qui, \u00e0 la maison, contraint sa femme \u00e0 des actes sexuels ou la viole, que ce soit avec ou sans violence visible ou sous la menace de violence ; Ou s\u2019il la harc\u00e8le, l\u2019insulte ou l\u2019humilie sexuellement.<\/p>\n\n\n\n<p>Le sup\u00e9rieur qui s\u2019assied \u00e0 c\u00f4t\u00e9 de son employ\u00e9e en se collant \u00e0 elle pour l\u2019aider \u00e0 r\u00e9soudre un probl\u00e8me informatique, et qui, l\u2019air de rien, lui fr\u00f4le le genou ou le bras, puis fait semblant de la f\u00e9liciter une fois que le probl\u00e8me est r\u00e9solu en lui posant la main sur l\u2019\u00e9paule ; Ou la sup\u00e9rieure qui contraint son employ\u00e9 \u00e0 des actes d\u2019ordre sexuel en le mena\u00e7ant de le p\u00e9naliser lourdement professionnellement, voire de le licencier s\u2019il refuse.<\/p>\n\n\n\n<p>Un homme qui cherche d\u00e9lib\u00e9r\u00e9ment \u00e0 monter dans des m\u00e9tros bond\u00e9s pour pouvoir pratiquer des attouchements non consentis ou se frotter contre des femmes en pr\u00e9tendant que ses gestes sont involontaires; Ou en sorties, dans des f\u00eates nocturnes, clubs et bars (pour en savoir plus, suivez <a href=\"https:\/\/www.skppsc.ch\/fr\/projets\/tu-t-en-sors\/\" target=\"_blank\" rel=\"noreferrer noopener\">ce lien<\/a>). Ou encore les voyeurs dans les cabines d\u2019essayage ou les commentaires sexuels ind\u00e9sirables dans la rue (\u00ab Catcalling \u00bb).<\/p>\n\n\n\n<p>Une personne qui envoie de mani\u00e8re r\u00e9p\u00e9t\u00e9e des messages avec des images \u00e0 caract\u00e8re sexuel \u00e0 quelqu\u2019un qui ne les a pas demand\u00e9s, ou qui insiste pour obtenir des photos intimes malgr\u00e9 un refus clair.<\/p>\n\n\n\n<p>Il se produit bien s\u00fbr des situations o\u00f9 les r\u00f4les sont invers\u00e9s et o\u00f9 la femme importune l\u2019homme ou le contraint sexuellement. Mais force est de constater que <strong>la plupart des d\u00e9lits sont commis par des hommes et que la plupart des victimes sont des femmes.<\/strong><\/p>\n\n\n\n<p>La banalisation de certaines expressions sexuelles ou de jurons, aujourd\u2019hui employ\u00e9s presque \u00ab normalement \u00bb dans les conversations entre amis illustre combien la violence sexuelle s\u2019est d\u00e9j\u00e0 fray\u00e9 un chemin dans le <strong>langage courant.<\/strong><\/p>\n<\/details>\n\n\n\n<details class=\"wp-block-details\"><summary>Quelle est la fr\u00e9quence des violences sexuelles ?<\/summary>\n<p>Mesurer la fr\u00e9quence des violences sexuelles n\u2019est pas simple, car elles recouvrent des infractions tr\u00e8s diverses. Les statistiques montrent toutefois des tendances claires : ces agressions touchent principalement les femmes et les jeunes et elles restent rarement signal\u00e9es aux autorit\u00e9s. Les chiffres indiquent \u00e9galement que les d\u00e9sagr\u00e9ments d\u2019ordre sexuels surviennent le plus souvent dans l\u2019espace public, tandis que les atteintes et contraintes sexuelles et viols se produisent principalement dans un cadre priv\u00e9.<\/p>\n\n\n\n<p>Les enqu\u00eates de victimation, tel que le <a href=\"https:\/\/www.kkpks.ch\/fr\/informations\/crime-survey-2022-haut-niveau-de-confiance-en-la-police--premieres-donnees-relatives-aux-delits-et-crimes-de-haine-292\" target=\"_blank\" rel=\"noreferrer noopener\">Crime Survey 2022<\/a> (seulement en allemand) r\u00e9v\u00e8lent que le <strong>harc\u00e8lement sexuel<\/strong> se manifeste surtout sous forme verbale et se produit fr\u00e9quemment dans des lieux de loisirs. Dans la majorit\u00e9 des cas, l\u2019auteur n\u2019est pas connu de la victime. Selon cette \u00e9tude, la grande majorit\u00e9 des cas de harc\u00e8lements ne fait pas l\u2019objet d\u2019une plainte. En mati\u00e8re de <strong>violence sexuelle<\/strong>, les faits surviennent le plus souvent au domicile de la victime ou de l\u2019auteur, et celui-ci est g\u00e9n\u00e9ralement connu de la victime. Ici aussi, le taux de signalement demeure tr\u00e8s faible.<\/p>\n\n\n\n<p>L\u2019<a href=\"https:\/\/www.ebg.admin.ch\/fr\/publications-harcelement-sexuel\" target=\"_blank\" rel=\"noreferrer noopener\">\u00e9tude du BFEG<\/a>, qui s\u2019est pench\u00e9e sur le harc\u00e8lement sexuel sur le lieu de travail, montre que plus de la moiti\u00e9 des personnes interrog\u00e9es d\u00e9clarent avoir v\u00e9cu au moins un des douze types de comportements sexistes ou sexuels soumis \u00e0 l\u2019\u00e9tude sur l\u2019ensemble de leur vie professionnelle.<\/p>\n\n\n\n<p>Enfin, les <a href=\"https:\/\/www.bfs.admin.ch\/bfs\/fr\/home\/statistiques\/criminalite-droit-penal\/police.gnpdetail.2025-0465.html\" target=\"_blank\" rel=\"noreferrer noopener\">statistiques polici\u00e8res<\/a> et les <a href=\"https:\/\/www.bfs.admin.ch\/bfs\/fr\/home\/statistiques\/criminalite-droit-penal\/police\/violence-sexualisee.html\" target=\"_blank\" rel=\"noreferrer noopener\">donn\u00e9es statistiques sur le sujet<\/a> indiquent plusieurs milliers d\u2019infractions contre l\u2019int\u00e9grit\u00e9 sexuelle enregistr\u00e9es en 2024. Elles soulignent la pr\u00e9dominance des hommes parmi les auteurs et des femmes parmi les victimes, ainsi que des diff\u00e9rences selon le type de d\u00e9lit : les atteintes et contraintes sexuelles, tout comme les viols se produisent surtout dans le domaine priv\u00e9, tandis que les d\u00e9sagr\u00e9ments d\u2019ordre sexuels se manifestent principalement dans l\u2019espace public.<\/p>\n\n\n\n<p>Les <a href=\"https:\/\/www.bfs.admin.ch\/bfs\/fr\/home\/actualites\/quoi-de-neuf.gnpdetail.2025-0466.html\" target=\"_blank\" rel=\"noreferrer noopener\">donn\u00e9es de l\u2019aide aux victimes<\/a> refl\u00e8te le nombre de consultations en la mati\u00e8re : la majorit\u00e9 des personnes concern\u00e9es sont des femmes et dans 30% des cas, une infraction contre l\u2019int\u00e9grit\u00e9 sexuelle est \u00e9voqu\u00e9e.<\/p>\n<\/details>\n\n\n\n<details class=\"wp-block-details\"><summary>Comment r\u00e9agir face \u00e0 la violence sexuelle ?<\/summary>\n<details class=\"wp-block-details\"><summary>Avez-vous subi une forme de violence sexuelle ?<\/summary>\n<p>Pour un entretien gratuit, confidentiel et anonyme, contactez un <strong>centre de consultation pour l\u2019aide aux victimes. <\/strong>Il vous informe \u00e9galement des possibilit\u00e9s d\u2019intenter une action p\u00e9nale, sans faire appel imm\u00e9diatement \u00e0 la police et vous accompagne dans la suite de la proc\u00e9dure.<\/p>\n\n\n\n<p>Si vous avez subi une atteinte sexuelle ou un viol, il vous est recommand\u00e9 dans tous les cas de vous rendre d\u00e8s que possible aux urgences d\u2019un h\u00f4pital : le cas \u00e9ch\u00e9ant, pour faire <strong>soigner<\/strong> des blessures, <strong>pr\u00e9venir<\/strong> une grossesse non d\u00e9sir\u00e9e et <strong>d\u00e9pister<\/strong> d\u2019\u00e9ventuelles infections (par ex. VIH), et pour <strong>conserver des preuves<\/strong> m\u00e9dico-l\u00e9gales. Notez que cela n\u2019implique <strong>pas de d\u00e9position aupr\u00e8s de la police.<\/strong> Tous les r\u00e9sultats m\u00e9dicaux sont trait\u00e9s de mani\u00e8re <strong>confidentielle.<\/strong> Toute victime peut en tout temps d\u00e9cider de porter plainte de sa propre initiative, m\u00eame ult\u00e9rieurement. Il est cependant fondamental de conserver les preuves pour les besoins ult\u00e9rieurs de l\u2019enqu\u00eate.<\/p>\n\n\n\n<p>Dans tous les cas de violence et de d\u00e9sagr\u00e9ments d\u2019ordre sexuel \u2013 de l\u2019injure aux contacts physiques non d\u00e9sir\u00e9s en passant par une exposition involontaire \u00e0 des contenus m\u00e9diatiques \u00e0 caract\u00e8re sexuel ou \u00e0 de l\u2019exhibitionnisme \u2013, vous avez la possibilit\u00e9 de <strong>d\u00e9poser plainte<\/strong> aupr\u00e8s de la police.<\/p>\n<\/details>\n\n\n\n<details class=\"wp-block-details\"><summary>Avez-vous exerc\u00e9 des violences sexuelles ou avez-vous l\u2019intention de passer \u00e0 l\u2019acte ?<\/summary>\n<p>Sachez que vous \u00eates <strong>responsable<\/strong> de vos actes. Si vous \u00eates conscients que vous avez un probl\u00e8me li\u00e9 \u00e0 la violence sexuelle, contactez un <strong>service sp\u00e9cialis\u00e9 de consultation contre la violence, qui peut vous aider et vous conseiller dans le cadre de ses comp\u00e9tences.<\/strong><\/p>\n<\/details>\n\n\n\n<details class=\"wp-block-details\"><summary>Avez-vous \u00e9t\u00e9 t\u00e9moin d\u2019un cas de harc\u00e8lement sexuel ou d\u2019agression sexuelle ?<\/summary>\n<p>Si vous \u00eates t\u00e9moin d\u2019une sc\u00e8ne de violence sexuelle qui risque de d\u00e9g\u00e9n\u00e9rer, essayez de <strong>d\u00e9samorcer la situation,<\/strong> pour autant que votre intervention ne vous mette pas vous-m\u00eame en danger. Par exemple, si vous vous trouvez dans un bar et que vous \u00eates t\u00e9moin de violence verbale \u00e0 caract\u00e8re sexuel ou de contacts physiques pulsionnels inappropri\u00e9s entre des personnes qui se connaissent d\u00e9j\u00e0 de vue, agissez sur l\u2019environnement afin d\u2019emp\u00eacher le pire de se produire.<\/p>\n\n\n\n<p>Toutefois, s\u2019il y a eu des actes d\u2019ordre sexuel avec contrainte ou viol \u2013 restez aux c\u00f4t\u00e9s de la victime et composez le 144 (centrale des urgences) ou le 117 (police).<\/p>\n<\/details>\n\n\n<div class=\"separator of-size-small \"><\/div><\/details>\n\n\n<div class=\"separator of-size-very-small \"><\/div>\n\n<\/div><\/div><div class=\"default-container content-part background-faded  \" style=\";\"><div class=\"inner-padding\">\n\n\n<h2 class=\"wp-block-heading foreground-primary\"><a id=\"aide\" class=\"heading-jump-anchor\"><\/a>O\u00f9 trouver de l\u2019aide et du soutien ?<\/h2>\n\n\n\n<h3 class=\"wp-block-heading\">Dans quel service d\u2019urgences se rendre ?<\/h3>\n\n\n\n<p>Certains h\u00f4pitaux disposent d\u2019un personnel sp\u00e9cialement form\u00e9, comme des infirmi\u00e8res l\u00e9gistes, pour prendre en charge de mani\u00e8re sp\u00e9cifique les victimes de violences sexuelles et recueillir des preuves.<\/p>\n\n\n<div class=\"separator of-size-very-small \"><\/div>\n\n\n<details class=\"wp-block-details\"><summary>Romandie<\/summary>\n<details class=\"wp-block-details\"><summary>Fribourg<\/summary>\n<ul class=\"wp-block-list\">\n<li><a href=\"https:\/\/www.fr.ch\/sante\/institutions-et-professionnels-de-sante\/urgence-medicale-que-faire\" target=\"_blank\" rel=\"noreferrer noopener\">Service des urgences gyn\u00e9cologiques de l\u2019h\u00f4pital fribourgeois<\/a><\/li>\n<\/ul>\n<\/details>\n\n\n\n<details class=\"wp-block-details\"><summary>Gen\u00e8ve<\/summary>\n<ul class=\"wp-block-list\">\n<li><a href=\"https:\/\/www.hug.ch\/gynecologie\/agression-sexuelle\" target=\"_blank\" rel=\"noreferrer noopener\">Urgences gyn\u00e9co-obst\u00e9tricales des HUG<\/a><\/li>\n<\/ul>\n<\/details>\n\n\n\n<details class=\"wp-block-details\"><summary>Neuch\u00e2tel<\/summary>\n<ul class=\"wp-block-list\">\n<li><a href=\"https:\/\/www.rhne.ch\/prestations\/centres-competences\/cnmv\" target=\"_blank\" rel=\"noreferrer noopener\">Centre neuch\u00e2telois de m\u00e9decine des violences<\/a><\/li>\n<\/ul>\n<\/details>\n\n\n\n<details class=\"wp-block-details\"><summary>Valais<\/summary>\n<ul class=\"wp-block-list\">\n<li><a href=\"https:\/\/www.hopitalduvalais.ch\/disciplines-medicales\/disciplines-de-a-a-z\/urgences\/sion\" target=\"_blank\" rel=\"noreferrer noopener\">Service d\u2019urgences de l\u2019H\u00f4pital de Sion<\/a><\/li>\n\n\n\n<li><a href=\"https:\/\/www.spitalwallis.ch\/spital-wallis\/standorte\/visp\" target=\"_blank\" rel=\"noreferrer noopener\">Spitalzentrum Oberwallis (Visp)<\/a><\/li>\n<\/ul>\n<\/details>\n\n\n\n<details class=\"wp-block-details\"><summary>Vaud<\/summary>\n<ul class=\"wp-block-list\">\n<li><a href=\"https:\/\/www.chuv.ch\/fr\/urgences-chuv\" target=\"_blank\" rel=\"noreferrer noopener\">Centre hospitalier universitaire vaudois<\/a><\/li>\n\n\n\n<li><a href=\"https:\/\/www.ehnv.ch\/urgences#\/\" target=\"_blank\" rel=\"noreferrer noopener\">Etablissements hospitaliers du Nord Vaudois (Yverdon-les-Bains)<\/a><\/li>\n\n\n\n<li><a href=\"https:\/\/hopital-broye.ch\/urgences-24h-sur-24h\" target=\"_blank\" rel=\"noreferrer noopener\">H\u00f4pital intercantonal de la Broye (Payerne)<\/a><\/li>\n\n\n\n<li><a href=\"https:\/\/www.hopitalrivierachablais.ch\/jcms\/hrc_60621\/fr\/urgences-gyneco-obstetriques\" target=\"_blank\" rel=\"noreferrer noopener\">H\u00f4pital Riviera-Chablais (Rennaz)<\/a><\/li>\n\n\n\n<li><a href=\"https:\/\/www.ehc-vd.ch\/hopital-morges\/prestations\/urgences-gyneco-obstetriques\" target=\"_blank\" rel=\"noreferrer noopener\">H\u00f4pital de Morges<\/a><\/li>\n\n\n\n<li><a href=\"https:\/\/www.ghol.ch\/jcms\/p_8420\/fr\/contacts-urgences-hopital-de-nyon\" target=\"_blank\" rel=\"noreferrer noopener\">H\u00f4pital de Nyon<\/a><\/li>\n<\/ul>\n<\/details>\n\n\n<div class=\"separator of-size-small \"><\/div><\/details>\n\n\n\n<details class=\"wp-block-details\"><summary>Tessin<\/summary>\n<ul class=\"wp-block-list\">\n<li><a href=\"https:\/\/www4.ti.ch\/di\/dg\/istituto-di-medicina-legale\/home\" target=\"_blank\" rel=\"noreferrer noopener\">Istituto di medicina legale di Bellinzona<\/a><\/li>\n\n\n\n<li><a href=\"https:\/\/www.eoc.ch\/ospedali-e-istituti\/ospedale-regionale-di-lugano\/civico.html\" target=\"_blank\" rel=\"noreferrer noopener\">Ospedale Regionale di Lugano, Civico<\/a><\/li>\n\n\n\n<li><a href=\"https:\/\/www.eoc.ch\/ospedali-e-istituti\/ospedale-regionale-di-bellinzona\/san-giovanni.html\" target=\"_blank\" rel=\"noreferrer noopener\">Ospedale Regionale di Bellinzona, San Giovanni<\/a><\/li>\n\n\n\n<li><a href=\"https:\/\/www.eoc.ch\/ospedali-e-istituti\/ospedale-regionale-di-locarno.html\" target=\"_blank\" rel=\"noreferrer noopener\">Ospedale Regionale di Locarno, La Carit\u00e0<\/a><\/li>\n\n\n\n<li><a href=\"https:\/\/www.eoc.ch\/ospedali-e-istituti\/ospedale-regionale-di-mendrisio.html\" target=\"_blank\" rel=\"noreferrer noopener\">Ospedale Regionale di Mendrisio, Beata Vergine<\/a><\/li>\n<\/ul>\n<\/details>\n\n\n\n<details class=\"wp-block-details\"><summary>Suisse allemande<\/summary>\n<details class=\"wp-block-details\"><summary>Appenzell Rhodes-Ext\u00e9rieures et Appenzell Rhodes-Int\u00e9rieures<\/summary>\n<ul class=\"wp-block-list\">\n<li><a href=\"https:\/\/www.h-och.ch\/rechtsmedizin\/fachbereiche\/soforthilfe-nach-sexueller-gewalt\/\" target=\"_blank\" rel=\"noreferrer noopener\">Soforthilfe (HOCH Health Ostschweiz)<\/a><\/li>\n<\/ul>\n<\/details>\n\n\n\n<details class=\"wp-block-details\"><summary>Argovie<\/summary>\n<ul class=\"wp-block-list\">\n<li><a href=\"https:\/\/www.ksa.ch\/de\/kantonsspital-aarau\/aufenthalt-und-besuch\/fachbereiche\/frauenklinik\" target=\"_blank\" rel=\"noreferrer noopener\">Frauenklinik KSA<\/a> (cas d\u2019urgence pour les femmes)<\/li>\n\n\n\n<li><a href=\"https:\/\/www.ksa.ch\/de\/gruppe\/angebot\/notfallpraxis-7873\" target=\"_blank\" rel=\"noreferrer noopener\">Notfallpraxis<\/a> (cas d\u2019urgence pour les hommes)<\/li>\n<\/ul>\n<\/details>\n\n\n\n<details class=\"wp-block-details\"><summary>B\u00e2le-Ville et B\u00e2le-Campagne<\/summary>\n<ul class=\"wp-block-list\">\n<li><a href=\"https:\/\/www.unispital-basel.ch\/frauenklinik\/angebot#sexuellermissbrauch\" target=\"_blank\" rel=\"noreferrer noopener\">Notfall Frauenklinik des Universit\u00e4tsspitals<\/a><\/li>\n<\/ul>\n<\/details>\n\n\n\n<details class=\"wp-block-details\"><summary>Berne<\/summary>\n<ul class=\"wp-block-list\">\n<li><a href=\"https:\/\/frauenheilkunde.insel.ch\/de\/unser-angebot\/gynaekologie\/zentrum-fuer-sexuelle-gesundheit\/sexuelle-gewalt-gegen-frauen\" target=\"_blank\" rel=\"noreferrer noopener\">Frauenklinik des Universit\u00e4tsspitals<\/a><\/li>\n<\/ul>\n<\/details>\n\n\n\n<details class=\"wp-block-details\"><summary>Glaris<\/summary>\n<ul class=\"wp-block-list\">\n<li><a href=\"https:\/\/www.hallo-glarus.ch\/de\/haeusliche-gewalt\/sexualisierte-gewalt\" target=\"_blank\" rel=\"noreferrer noopener\">Kantonsspital Glarus<\/a><\/li>\n<\/ul>\n<\/details>\n\n\n\n<details class=\"wp-block-details\"><summary>Grisons<\/summary>\n<ul class=\"wp-block-list\">\n<li><a href=\"https:\/\/www.ksgr.ch\/forensic-nursing\" target=\"_blank\" rel=\"noreferrer noopener\">Institut f\u00fcr Rechtsmedizin am Kantonsspital Graub\u00fcnden<\/a><\/li>\n<\/ul>\n<\/details>\n\n\n\n<details class=\"wp-block-details\"><summary>Fribourg<\/summary>\n<ul class=\"wp-block-list\">\n<li><a href=\"https:\/\/www.fr.ch\/de\/gesundheit\/gesundheitsfachleute-und-institutionen\/medizinischer-notfall-was-tun\" target=\"_blank\" rel=\"noreferrer noopener\">Notfallstation des HFR (Freiburger Spital), Gyn\u00e4kologie<\/a><\/li>\n<\/ul>\n<\/details>\n\n\n\n<details class=\"wp-block-details\"><summary>Saint-Gall<\/summary>\n<ul class=\"wp-block-list\">\n<li><a href=\"https:\/\/www.h-och.ch\/rechtsmedizin\/fachbereiche\/soforthilfe-nach-sexueller-gewalt\/\" target=\"_blank\" rel=\"noreferrer noopener\">Institut f\u00fcr Rechtsmedizin am Kantonsspital St. Gallen<\/a><\/li>\n<\/ul>\n<\/details>\n\n\n\n<details class=\"wp-block-details\"><summary>Valais<\/summary>\n<ul class=\"wp-block-list\">\n<li><a href=\"https:\/\/www.spitalwallis.ch\/spital-wallis\/standorte\/visp\" target=\"_blank\" rel=\"noreferrer noopener\">Spitalzentrum Oberwallis (Visp)<\/a><\/li>\n<\/ul>\n<\/details>\n\n\n\n<details class=\"wp-block-details\"><summary>Zurich<\/summary>\n<ul class=\"wp-block-list\">\n<li><a href=\"https:\/\/www.usz.ch\/fachbereich\/gynaekologie\/angebot\/soforthilfe-nach-sexueller-gewalt\/\" target=\"_blank\" rel=\"noreferrer noopener\">Klinik f\u00fcr Gyn\u00e4kologie des Universit\u00e4tsspitals<\/a><\/li>\n\n\n\n<li><a href=\"https:\/\/www.zh.ch\/de\/gesundheit\/strategien-programme\/forensic-nurses.html\" data-type=\"link\" data-id=\"https:\/\/www.zh.ch\/de\/gesundheit\/strategien-programme\/forensic-nurses.html\" target=\"_blank\" rel=\"noreferrer noopener\">Service de consultation Forensic Nurses<\/a> : 0800 09 09 09<\/li>\n<\/ul>\n<\/details>\n\n\n<div class=\"separator of-size-small \"><\/div><\/details>\n\n\n<div class=\"separator of-size-small \"><\/div>\n\n\n<p>Pour plus d\u2019informations quant \u00e0 la prise en charge dans un service d\u2019urgences des h\u00f4pitaux en Romandie : <a href=\"http:\/\/www.agression-sexuelle-urgences.ch\" target=\"_blank\" rel=\"noreferrer noopener\">www.agression-sexuelle-urgences.ch<\/a><\/p>\n\n\n\n<h3 class=\"wp-block-heading\">O\u00f9 trouver un centre de consultation pour l\u2019aide aux victimes ?<\/h3>\n\n\n\n<p>L\u2019<a href=\"https:\/\/www.aide-aux-victimes.ch\/fr\/\" target=\"_blank\" rel=\"noreferrer noopener\">Aide aux victimes<\/a> donne les adresses o\u00f9 les victimes de violence pourront trouver de l\u2019aide. Elle est atteignable 24h\/24 7j\/7 au <a href=\"tel:+41142\">142<\/a>.<\/p>\n\n\n\n<h3 class=\"wp-block-heading\">O\u00f9 trouver un service sp\u00e9cialis\u00e9 de consultation contre la violence ?<\/h3>\n\n\n\n<p>L\u2019Organisation fa\u00eeti\u00e8re suisse pour la pr\u00e9vention de la violence <a href=\"https:\/\/solvio.ch\/fr\" target=\"_blank\" rel=\"noreferrer noopener\">solvio<\/a> donne les adresses o\u00f9 les personnes (potentiellement) violentes pourront trouver de l\u2019aide.<\/p>\n\n\n\n<h3 class=\"wp-block-heading\">O\u00f9 trouver des informations suppl\u00e9mentaires ?<\/h3>\n\n\n\n<p>La Conf\u00e9rence suisse contre la violence domestique <a href=\"https:\/\/csvd.ch\/csvd\/\" target=\"_blank\" rel=\"noreferrer noopener\">CSVD<\/a> vise \u00e0 am\u00e9liorer la lutte contre la violence domestique. Ses membres sont les services cantonaux d\u2019intervention et de coordination contre la violence domestique, qui informent et apportent un soutien sur ce th\u00e8me dans leur canton.<\/p>\n\n\n\n<p>Le site <a href=\"https:\/\/belaestigt.ch\/ich-wuensche-beratung-francais\/\" target=\"_blank\" rel=\"noreferrer noopener\">bel\u00e4stigt.ch<\/a> propose un premier entretien de conseil professionnel et confidentiel en ligne sur le th\u00e8me du harc\u00e8lement sexuel et sexiste au travail si vous exercez une activit\u00e9 professionnelle en Suisse al\u00e9manique. Il r\u00e9pertorie \u00e9galement d\u2019autres <a href=\"https:\/\/belaestigt.ch\/anlaufstellen\/\" target=\"_blank\" rel=\"noreferrer noopener\">points de contact<\/a> par canton en cas de harc\u00e8lement sexuel sur le lieu de travail.<\/p>\n\n\n\n<p><strong>EN CAS D\u2019URGENCE ET EN CAS DE DOUTE, appelez la police au 117.<\/strong><\/p>\n\n\n<\/div><\/div><div class=\"default-container content-part  has-custom-background-color \" style=\"background-color:#e6e6e6;\"><div class=\"inner-padding\">\n\n\n<p class=\"has-text-align-left\"><strong>Avec le soutien financier de :<\/strong><\/p>\n\n\n\n<ul class=\"generic-grid with-2-columns\"><li class=\"grid-item\">\n\t\t\t\t\t\t\t\t\t\t<figure class=\"grid-item-image-figure\">\n\t\t\t\t\t\t\t\t\t\t\t<div class=\"grid-item-image-container\">\n\t\t\t\t\t\t\t\t\t\t\t\t<a href=\"https:\/\/www.ebg.admin.ch\/fr\" target=\"_blank\" class=\"grid-item-image-link\" title=\"\" download=\"fr\"><img loading=\"lazy\" decoding=\"async\" width=\"1085\" height=\"418\" src=\"https:\/\/www.skppsc.ch\/fr\/wp-content\/uploads\/sites\/5\/2025\/09\/edi_ebg_fin_f_cmyk_pos_hoch.png\" class=\"grid-item-image\" alt=\"\" srcset=\"https:\/\/www.skppsc.ch\/fr\/wp-content\/uploads\/sites\/5\/2025\/09\/edi_ebg_fin_f_cmyk_pos_hoch.png 1085w, https:\/\/www.skppsc.ch\/fr\/wp-content\/uploads\/sites\/5\/2025\/09\/edi_ebg_fin_f_cmyk_pos_hoch-300x116.png 300w, https:\/\/www.skppsc.ch\/fr\/wp-content\/uploads\/sites\/5\/2025\/09\/edi_ebg_fin_f_cmyk_pos_hoch-1024x394.png 1024w, https:\/\/www.skppsc.ch\/fr\/wp-content\/uploads\/sites\/5\/2025\/09\/edi_ebg_fin_f_cmyk_pos_hoch-768x296.png 768w, https:\/\/www.skppsc.ch\/fr\/wp-content\/uploads\/sites\/5\/2025\/09\/edi_ebg_fin_f_cmyk_pos_hoch-640x247.png 640w\" sizes=\"auto, (max-width: 1085px) 100vw, 1085px\"><\/a>\n\t\t\t\t\t\t\t\t\t\t\t<\/div>\n\t\t\t\t\t\t\t\t\t\t\t<figcaption class=\"grid-item-image-caption\"><\/figcaption>\n\t\t\t\t\t\t\t\t\t\t<\/figure>\n\t\t\t\t\t\t\t\t\t<\/li><\/ul>\n\n\n\n<p><strong>En collaboration avec :<\/strong><\/p>\n\n\n\n<ul class=\"generic-grid with-3-columns  has-aspect-ratio\" style=\"--ar:5\/2\"><li class=\"grid-item\">\n\t\t\t\t\t\t\t\t\t\t<figure class=\"grid-item-image-figure\">\n\t\t\t\t\t\t\t\t\t\t\t<div class=\"grid-item-image-container\">\n\t\t\t\t\t\t\t\t\t\t\t\t<a href=\"https:\/\/www.opferhilfe-schweiz.ch\/fr\/\" target=\"_blank\" class=\"grid-item-image-link\" title=\"\" download=\"fr\"><img loading=\"lazy\" decoding=\"async\" width=\"696\" height=\"284\" src=\"https:\/\/www.skppsc.ch\/fr\/wp-content\/uploads\/sites\/5\/2025\/09\/opferhilfe.png\" class=\"grid-item-image\" alt=\"\" srcset=\"https:\/\/www.skppsc.ch\/fr\/wp-content\/uploads\/sites\/5\/2025\/09\/opferhilfe.png 696w, https:\/\/www.skppsc.ch\/fr\/wp-content\/uploads\/sites\/5\/2025\/09\/opferhilfe-300x122.png 300w, https:\/\/www.skppsc.ch\/fr\/wp-content\/uploads\/sites\/5\/2025\/09\/opferhilfe-640x261.png 640w\" sizes=\"auto, (max-width: 696px) 100vw, 696px\"><\/a>\n\t\t\t\t\t\t\t\t\t\t\t<\/div>\n\t\t\t\t\t\t\t\t\t\t\t<figcaption class=\"grid-item-image-caption\"><\/figcaption>\n\t\t\t\t\t\t\t\t\t\t<\/figure>\n\t\t\t\t\t\t\t\t\t<\/li>\n\n<li class=\"grid-item\">\n\t\t\t\t\t\t\t\t\t\t<figure class=\"grid-item-image-figure\">\n\t\t\t\t\t\t\t\t\t\t\t<div class=\"grid-item-image-container\">\n\t\t\t\t\t\t\t\t\t\t\t\t<a href=\"https:\/\/www.sodk.ch\/fr\/\" target=\"_blank\" class=\"grid-item-image-link\" title=\"\" download=\"fr\"><img loading=\"lazy\" decoding=\"async\" width=\"219\" height=\"67\" src=\"https:\/\/www.skppsc.ch\/fr\/wp-content\/uploads\/sites\/5\/2025\/09\/sodk.svg\" class=\"grid-item-image\" alt=\"\"><\/a>\n\t\t\t\t\t\t\t\t\t\t\t<\/div>\n\t\t\t\t\t\t\t\t\t\t\t<figcaption class=\"grid-item-image-caption\"><\/figcaption>\n\t\t\t\t\t\t\t\t\t\t<\/figure>\n\t\t\t\t\t\t\t\t\t<\/li>\n\n<li class=\"grid-item\">\n\t\t\t\t\t\t\t\t\t\t<figure class=\"grid-item-image-figure\">\n\t\t\t\t\t\t\t\t\t\t\t<div class=\"grid-item-image-container\">\n\t\t\t\t\t\t\t\t\t\t\t\t<a href=\"https:\/\/solvio.ch\/fr\" target=\"_blank\" class=\"grid-item-image-link\" title=\"\" download=\"fr\"><img loading=\"lazy\" decoding=\"async\" width=\"371\" height=\"49\" src=\"https:\/\/www.skppsc.ch\/fr\/wp-content\/uploads\/sites\/5\/2025\/09\/solvio_logo_fr.svg\" class=\"grid-item-image\" alt=\"\"><\/a>\n\t\t\t\t\t\t\t\t\t\t\t<\/div>\n\t\t\t\t\t\t\t\t\t\t\t<figcaption class=\"grid-item-image-caption\"><\/figcaption>\n\t\t\t\t\t\t\t\t\t\t<\/figure>\n\t\t\t\t\t\t\t\t\t<\/li>\n\n<li class=\"grid-item\">\n\t\t\t\t\t\t\t\t\t\t<figure class=\"grid-item-image-figure\">\n\t\t\t\t\t\t\t\t\t\t\t<div class=\"grid-item-image-container\">\n\t\t\t\t\t\t\t\t\t\t\t\t<a href=\"https:\/\/www.equality.ch\/f\/Home.html\" target=\"_blank\" class=\"grid-item-image-link\" title=\"\" download=\"Home.html\"><img loading=\"lazy\" decoding=\"async\" width=\"510\" height=\"133\" src=\"https:\/\/www.skppsc.ch\/fr\/wp-content\/uploads\/sites\/5\/2025\/09\/logo_skg.svg\" class=\"grid-item-image\" alt=\"\"><\/a>\n\t\t\t\t\t\t\t\t\t\t\t<\/div>\n\t\t\t\t\t\t\t\t\t\t\t<figcaption class=\"grid-item-image-caption\"><\/figcaption>\n\t\t\t\t\t\t\t\t\t\t<\/figure>\n\t\t\t\t\t\t\t\t\t<\/li><\/ul>\n\n\n<div class=\"separator of-size-default \"><\/div>\n\n\n\n\n<p><\/p>\n<\/div><\/div><\/body><\/html>","protected":false},"excerpt":{"rendered":"<p>Avec notre campagne \u00ab Ensemble sans violence sexuelle \u00bb, nous avons pour objectif de contribuer \u00e0 <strong>une prise de conscience g\u00e9n\u00e9rale : <\/strong>la violence sexuelle est malheureusement une r\u00e9alit\u00e9 quotidienne dans notre soci\u00e9t\u00e9 ; unissons nos forces pour <strong>contrer ce ph\u00e9nom\u00e8ne !<\/strong> Pour aller dans cette direction, nous avons cr\u00e9\u00e9 un <strong>label,<\/strong> qui est la pi\u00e8ce ma\u00eetresse de notre campagne ; un label qui atteste d\u2019une r\u00e9alit\u00e9 sociale qui n\u2019existe certes pas (encore), mais qu\u2019ensemble nous aspirons \u00e0 cr\u00e9er. Ce label, inspir\u00e9 des labels souvent utilis\u00e9s sur les produits de sant\u00e9 et de beaut\u00e9, mentionne les ingr\u00e9dients n\u00e9fastes absents de notre projet de soci\u00e9t\u00e9 saine et les ingr\u00e9dients de qualit\u00e9 qui seront n\u00e9cessaires pour r\u00e9aliser ce projet. Une soci\u00e9t\u00e9 labellis\u00e9e \u00ab sans violence sexuelle \u00bb doit pouvoir garantir <strong>\u00e0 100 % le respect mutuel<\/strong> et <strong>l\u2019absence d\u2019abus sexuels :<\/strong> c\u2019est le gage d\u2019une <strong>vie sociale saine.<\/strong> C\u2019est notre objectif. Ensemble, faisons en sorte de m\u00e9riter ce label !<\/p>\n","protected":false},"author":349,"featured_media":2421,"parent":23,"menu_order":-1,"comment_status":"closed","ping_status":"closed","template":"","meta":{"showSharingButtons":false,"skp-theme-color":"nine","_subtitle":"","alternative_title":"","seoDescription":"","seoKeywords":"","seoTitle":"","featuredVideoEmbedCode":"","featuredYoutubeVideoId":"","notes":"","redirectToPostId":0,"skp-further-information":"<a href=\"https:\/\/www.skppsc.ch\/fr\/questions-frequentes\/focus\/violence-sexuelle-adultes\/#violence-sexuelle-adultes\" target=\"_blank\" rel=\"noreferrer noopener\">Questions fr\u00e9quentes sur la \u00ab Violence sexuelle \u00bb<\/a>","hideTile":false,"pageType":"","editor_notices":[],"footnotes":""},"topic":[],"class_list":["post-2412","page","type-page","status-publish","has-post-thumbnail","hentry"],"aioseo_notices":[],"_links":{"self":[{"href":"https:\/\/www.skppsc.ch\/fr\/wp-json\/wp\/v2\/pages\/2412","targetHints":{"allow":["GET"]}}],"collection":[{"href":"https:\/\/www.skppsc.ch\/fr\/wp-json\/wp\/v2\/pages"}],"about":[{"href":"https:\/\/www.skppsc.ch\/fr\/wp-json\/wp\/v2\/types\/page"}],"author":[{"embeddable":true,"href":"https:\/\/www.skppsc.ch\/fr\/wp-json\/wp\/v2\/users\/349"}],"replies":[{"embeddable":true,"href":"https:\/\/www.skppsc.ch\/fr\/wp-json\/wp\/v2\/comments?post=2412"}],"version-history":[{"count":0,"href":"https:\/\/www.skppsc.ch\/fr\/wp-json\/wp\/v2\/pages\/2412\/revisions"}],"up":[{"embeddable":true,"href":"https:\/\/www.skppsc.ch\/fr\/wp-json\/wp\/v2\/pages\/23"}],"wp:featuredmedia":[{"embeddable":true,"href":"https:\/\/www.skppsc.ch\/fr\/wp-json\/wp\/v2\/media\/2421"}],"wp:attachment":[{"href":"https:\/\/www.skppsc.ch\/fr\/wp-json\/wp\/v2\/media?parent=2412"}],"wp:term":[{"taxonomy":"topic","embeddable":true,"href":"https:\/\/www.skppsc.ch\/fr\/wp-json\/wp\/v2\/topic?post=2412"}],"curies":[{"name":"wp","href":"https:\/\/api.w.org\/{rel}","templated":true}]}}